{"id":61360,"date":"2026-04-28T12:49:14","date_gmt":"2026-04-28T10:49:14","guid":{"rendered":"https:\/\/www.suncamp.nl\/blog\/?post_type=listing&#038;p=61360"},"modified":"2026-04-28T12:49:14","modified_gmt":"2026-04-28T10:49:14","slug":"co-zwiedzic-w-dalmacji-przewodnik-po-najpiekniejszym-regionie-chorwacji","status":"publish","type":"listing","link":"https:\/\/www.suncamp.pl\/blog\/listing\/co-zwiedzic-w-dalmacji-przewodnik-po-najpiekniejszym-regionie-chorwacji\/","title":{"rendered":"Co zwiedzi\u0107 w Dalmacji \u2013 przewodnik po najpi\u0119kniejszym regionie Chorwacji"},"content":{"rendered":"<div id=\"attachment_61361\" style=\"width: 1210px\" class=\"wp-caption alignnone\"><img loading=\"lazy\" decoding=\"async\" aria-describedby=\"caption-attachment-61361\" class=\"wp-image-61361 size-full\" src=\"https:\/\/www.suncamp.pl\/blog\/wp-content\/uploads\/2026\/04\/brela-dalmacja-1200x800-1.png\" alt=\"Dalmacja i jej zr\u00f3\u017cnicowane wybrze\u017ce\" width=\"1200\" height=\"800\" srcset=\"https:\/\/www.suncamp.pl\/blog\/wp-content\/uploads\/2026\/04\/brela-dalmacja-1200x800-1.png 1200w, https:\/\/www.suncamp.pl\/blog\/wp-content\/uploads\/2026\/04\/brela-dalmacja-1200x800-1-450x300.png 450w, https:\/\/www.suncamp.pl\/blog\/wp-content\/uploads\/2026\/04\/brela-dalmacja-1200x800-1-1024x683.png 1024w, https:\/\/www.suncamp.pl\/blog\/wp-content\/uploads\/2026\/04\/brela-dalmacja-1200x800-1-768x512.png 768w, https:\/\/www.suncamp.pl\/blog\/wp-content\/uploads\/2026\/04\/brela-dalmacja-1200x800-1-140x94.png 140w\" sizes=\"auto, (max-width: 1200px) 100vw, 1200px\" \/><p id=\"caption-attachment-61361\" class=\"wp-caption-text\">Dalmacja i jej zr\u00f3\u017cnicowane wybrze\u017ce<\/p><\/div>\n<p><em><span style=\"font-weight: 400;\">Dalmacja to ponad 400 kilometr\u00f3w adriatyckiego wybrze\u017ca, setki wysp, antyczne ruiny i jedne z najpi\u0119kniejszych pla\u017c w Europie. Grecy, Rzymianie, Wenecjanie \u2013 ka\u017cde z tych mocarstw zostawi\u0142o tu \u015blad widoczny go\u0142ym okiem. W\u0142a\u015bnie ta mieszanka historii, natury i morza sprawia, \u017ce co roku przyci\u0105ga tu miliony turyst\u00f3w.<\/span><\/em><\/p>\n<h2><b>Czym jest Dalmacja i jak jest podzielona?<\/b><\/h2>\n<p><span style=\"font-weight: 400;\">Dalmacja dzieli si\u0119 umownie na trzy cz\u0119\u015bci:<\/span><\/p>\n<ul>\n<li style=\"font-weight: 400;\" aria-level=\"1\"><b>Dalmacja P\u00f3\u0142nocna<\/b><span style=\"font-weight: 400;\"> \u2013 z centrum w Zadarze, parkami narodowymi Krka i Kornati<\/span><\/li>\n<li style=\"font-weight: 400;\" aria-level=\"1\"><b>Dalmacja \u015arodkowa<\/b><span style=\"font-weight: 400;\"> \u2013 ze Splitem, Trogirem, Riwier\u0105 Makarsk\u0105 i wyspami Hvar, Bra\u010d, Vis<\/span><\/li>\n<li style=\"font-weight: 400;\" aria-level=\"1\"><b>Dalmacja Po\u0142udniowa<\/b><span style=\"font-weight: 400;\"> \u2013 z Dubrownikiem, p\u00f3\u0142wyspem Pelje\u0161ac i wyspami Kor\u010dula i Mljet<\/span><\/li>\n<\/ul>\n<p><span style=\"font-weight: 400;\">Region rozci\u0105ga si\u0119 od wyspy Pag na p\u00f3\u0142nocy a\u017c po granic\u0119 z Czarnog\u00f3r\u0105. Klimat \u015br\u00f3dziemnomorski oznacza ponad 250 s\u0142onecznych dni w roku, ciep\u0142e morze od maja do pa\u017adziernika i niemal zerowe opady latem.<\/span><\/p>\n<h3><b>Split \u2013 antyczne miasto, kt\u00f3re \u017cyje na co dzie\u0144<\/b><\/h3>\n<p><span style=\"font-weight: 400;\">Split to serce Dalmacji \u015arodkowej i najwa\u017cniejszy w\u0119ze\u0142 komunikacyjny regionu \u2013 st\u0105d odp\u0142ywaj\u0105 promy na wszystkie wi\u0119ksze wyspy. Ale samo miasto to znacznie wi\u0119cej ni\u017c port przesiadkowy.<\/span><\/p>\n<h4><b>Pa\u0142ac Dioklecjana<\/b><\/h4>\n<p><span style=\"font-weight: 400;\">Zbudowany na prze\u0142omie III i IV wieku jako prywatna rezydencja cesarza, dzi\u015b stanowi dos\u0142ownie ca\u0142e Stare Miasto Splitu \u2013 jedno z najlepiej zachowanych dzie\u0142 architektury p\u00f3\u017anoantycznej na \u015bwiecie, wpisane na list\u0119 UNESCO. Wewn\u0105trz mur\u00f3w dzia\u0142aj\u0105 restauracje, sklepy i mieszkania. Spaceruj\u0105c po star\u00f3wce, cz\u0119sto nie wiesz, \u017ce w\u0142a\u015bnie chodzisz po cesarskim pa\u0142acu.<\/span><\/p>\n<p><span style=\"font-weight: 400;\">Czego nie omin\u0105\u0107 w pa\u0142acu:<\/span><\/p>\n<ul>\n<li style=\"font-weight: 400;\" aria-level=\"1\"><b>Perystyl<\/b><span style=\"font-weight: 400;\"> \u2013 centralne podw\u00f3rze, idealne na kaw\u0119 z widokiem na antyczne kolumny<\/span><\/li>\n<li style=\"font-weight: 400;\" aria-level=\"1\"><b>Katedra \u015bw. Dujama<\/b><span style=\"font-weight: 400;\"> \u2013 powsta\u0142a w VII w. w dawnym mauzoleum Dioklecjana, z 61-metrow\u0105 roma\u0144sk\u0105 dzwonnic\u0105<\/span><\/li>\n<li style=\"font-weight: 400;\" aria-level=\"1\"><b>Podziemia pa\u0142acu<\/b><span style=\"font-weight: 400;\"> \u2013 bilet p\u0142atny, ale warto; pokazuj\u0105 oryginaln\u0105 struktur\u0119 budowli<\/span><\/li>\n<li style=\"font-weight: 400;\" aria-level=\"1\"><b>\u015awi\u0105tynia Jupitera<\/b><span style=\"font-weight: 400;\"> \u2013 dzi\u015b baptysterium, jeden z najlepiej zachowanych obiekt\u00f3w antycznych w regionie<\/span><\/li>\n<\/ul>\n<div id=\"attachment_61369\" style=\"width: 1210px\" class=\"wp-caption alignnone\"><img loading=\"lazy\" decoding=\"async\" aria-describedby=\"caption-attachment-61369\" class=\"wp-image-61369 size-full\" src=\"https:\/\/www.suncamp.pl\/blog\/wp-content\/uploads\/2026\/04\/Split-Palac-Dioklecjana-1200x800-1.png\" alt=\"Pa\u0142ac Dioklecjana\" width=\"1200\" height=\"800\" srcset=\"https:\/\/www.suncamp.pl\/blog\/wp-content\/uploads\/2026\/04\/Split-Palac-Dioklecjana-1200x800-1.png 1200w, https:\/\/www.suncamp.pl\/blog\/wp-content\/uploads\/2026\/04\/Split-Palac-Dioklecjana-1200x800-1-450x300.png 450w, https:\/\/www.suncamp.pl\/blog\/wp-content\/uploads\/2026\/04\/Split-Palac-Dioklecjana-1200x800-1-1024x683.png 1024w, https:\/\/www.suncamp.pl\/blog\/wp-content\/uploads\/2026\/04\/Split-Palac-Dioklecjana-1200x800-1-768x512.png 768w, https:\/\/www.suncamp.pl\/blog\/wp-content\/uploads\/2026\/04\/Split-Palac-Dioklecjana-1200x800-1-140x94.png 140w\" sizes=\"auto, (max-width: 1200px) 100vw, 1200px\" \/><p id=\"caption-attachment-61369\" class=\"wp-caption-text\">Pa\u0142ac Dioklecjana<\/p><\/div>\n<h4><b>Co jeszcze zobaczy\u0107 w okolicach Splitu?<\/b><\/h4>\n<p><b>Twierdza Klis<\/b><span style=\"font-weight: 400;\"> le\u017cy 10 km od centrum, na prze\u0142\u0119czy mi\u0119dzy g\u00f3rami Mosor i Kozjak. Chorwaci bronili jej przed Turkami przez ponad sto lat. Fani \u201eGry o Tron&#8221; rozpoznaj\u0105 j\u0105 jako Astapor. <\/span><b>Wzg\u00f3rze Marjan<\/b><span style=\"font-weight: 400;\"> to zielony park tu\u017c przy centrum z widokiem na morze, wyspy i okoliczne szczyty \u2013 szczeg\u00f3lnie pi\u0119kny o zachodzie s\u0142o\u0144ca. <\/span><b>Punkt widokowy przy obserwatorium<\/b><span style=\"font-weight: 400;\"> na wysoko\u015bci 701 m n.p.m. oferuje panoram\u0119 360 stopni na Split, morze i g\u00f3ry jednocze\u015bnie.<\/span><\/p>\n<h3>Wyspa Pag<\/h3>\n<p>Nie ma bardziej magicznego miejsca ni\u017c w\u0142a\u015bnie to: wyspa przypomina wygl\u0105dem <strong>powierzchni\u0119 ksi\u0119\u017cyca<\/strong>. Pla\u017ce s\u0105 tutaj wyj\u0105tkowe &#8211; z turkusow\u0105 wod\u0105 kontrastuj\u0105c\u0105 z jasnymi kamyczkami oraz niezwyk\u0142ymi formacjami skalnymi. Na wysp\u0119 mo\u017cna dosta\u0107 si\u0119 na dwa sposoby: promem lub mostem.<\/p>\n<p>Kemping na Pagu to <a href=\"https:\/\/www.suncamp.pl\/chorwacja\/licko-senska\/novalja\/camping-strasko-105227\/\">Strasko<\/a> &#8211; zaplanuj tutaj pobyt z rodzin\u0105 i zarezerwuj jeden z nowoczesnych domk\u00f3w mobilnych lub zarezerwuj parcel\u0119.<\/p>\n<div id=\"attachment_61425\" style=\"width: 1210px\" class=\"wp-caption alignnone\"><img loading=\"lazy\" decoding=\"async\" aria-describedby=\"caption-attachment-61425\" class=\"wp-image-61425 size-full\" src=\"https:\/\/www.suncamp.pl\/blog\/wp-content\/uploads\/2026\/04\/pag-1200x800-1.png\" alt=\"Wyspa Pag\" width=\"1200\" height=\"800\" srcset=\"https:\/\/www.suncamp.pl\/blog\/wp-content\/uploads\/2026\/04\/pag-1200x800-1.png 1200w, https:\/\/www.suncamp.pl\/blog\/wp-content\/uploads\/2026\/04\/pag-1200x800-1-450x300.png 450w, https:\/\/www.suncamp.pl\/blog\/wp-content\/uploads\/2026\/04\/pag-1200x800-1-1024x683.png 1024w, https:\/\/www.suncamp.pl\/blog\/wp-content\/uploads\/2026\/04\/pag-1200x800-1-768x512.png 768w, https:\/\/www.suncamp.pl\/blog\/wp-content\/uploads\/2026\/04\/pag-1200x800-1-140x94.png 140w\" sizes=\"auto, (max-width: 1200px) 100vw, 1200px\" \/><p id=\"caption-attachment-61425\" class=\"wp-caption-text\">Wyspa Pag<\/p><\/div>\n<h3><b>Dubrownik \u2013 per\u0142a Adriatyku<\/b><\/h3>\n<p><span style=\"font-weight: 400;\">Dubrownik jest na ka\u017cdej li\u015bcie najpi\u0119kniejszych miejsc Europy i zas\u0142uguje na to w pe\u0142ni. Dawna Republika Raguza\u0144ska zostawi\u0142a po sobie dziedzictwo, kt\u00f3re robi wra\u017cenie nawet na najbardziej do\u015bwiadczonych podr\u00f3\u017cnikach.<\/span><\/p>\n<h4><b>Stare Miasto i mury obronne<\/b><\/h4>\n<p><span style=\"font-weight: 400;\">Stare Miasto otoczone jest murami o d\u0142ugo\u015bci blisko 2 kilometr\u00f3w \u2013 spacer po nich to obowi\u0105zkowy punkt wizyty. Widok na czerwone dachy star\u00f3wki i b\u0142\u0119kit Adriatyku po drugiej stronie jest niepowtarzalny. Wej\u015bcie p\u0142atne, ale warte ka\u017cdego euro.<\/span><\/p>\n<p><span style=\"font-weight: 400;\">Co zobaczy\u0107 wewn\u0105trz mur\u00f3w:<\/span><\/p>\n<ul>\n<li style=\"font-weight: 400;\" aria-level=\"1\"><b>Stradun<\/b><span style=\"font-weight: 400;\"> \u2013 g\u0142\u00f3wna ulica wy\u0142o\u017cona l\u015bni\u0105cym marmurem, pe\u0142na \u017cycia wieczorami<\/span><\/li>\n<li style=\"font-weight: 400;\" aria-level=\"1\"><b>Pa\u0142ac Rektor\u00f3w<\/b><span style=\"font-weight: 400;\"> \u2013 siedziba w\u0142adzy Republiki, dzi\u015b muzeum z bogatymi zbiorami<\/span><\/li>\n<li style=\"font-weight: 400;\" aria-level=\"1\"><b>Katedra Wniebowzi\u0119cia NMP<\/b><span style=\"font-weight: 400;\"> \u2013 z obrazem Tycjana w o\u0142tarzu<\/span><\/li>\n<li style=\"font-weight: 400;\" aria-level=\"1\"><b>Wielka Fontanna Onofria<\/b><span style=\"font-weight: 400;\"> \u2013 XV-wieczna, jeden z symboli miasta<\/span><\/li>\n<li style=\"font-weight: 400;\" aria-level=\"1\"><b>Forteca Lovrijenac<\/b><span style=\"font-weight: 400;\"> \u2013 twierdza na skale przy wej\u015bciu do portu, z widokiem na ca\u0142e miasto<\/span><\/li>\n<\/ul>\n<div id=\"attachment_61381\" style=\"width: 1210px\" class=\"wp-caption alignnone\"><img loading=\"lazy\" decoding=\"async\" aria-describedby=\"caption-attachment-61381\" class=\"wp-image-61381 size-full\" src=\"https:\/\/www.suncamp.pl\/blog\/wp-content\/uploads\/2026\/04\/dubrovnik-1200x800-2.png\" alt=\"Dubrovnik\" width=\"1200\" height=\"800\" srcset=\"https:\/\/www.suncamp.pl\/blog\/wp-content\/uploads\/2026\/04\/dubrovnik-1200x800-2.png 1200w, https:\/\/www.suncamp.pl\/blog\/wp-content\/uploads\/2026\/04\/dubrovnik-1200x800-2-450x300.png 450w, https:\/\/www.suncamp.pl\/blog\/wp-content\/uploads\/2026\/04\/dubrovnik-1200x800-2-1024x683.png 1024w, https:\/\/www.suncamp.pl\/blog\/wp-content\/uploads\/2026\/04\/dubrovnik-1200x800-2-768x512.png 768w, https:\/\/www.suncamp.pl\/blog\/wp-content\/uploads\/2026\/04\/dubrovnik-1200x800-2-140x94.png 140w\" sizes=\"auto, (max-width: 1200px) 100vw, 1200px\" \/><p id=\"caption-attachment-61381\" class=\"wp-caption-text\">Dubrovnik<\/p><\/div>\n<h4><b>Wyspa Lokrum \u2013 ucieczka od t\u0142umu<\/b><\/h4>\n<p><span style=\"font-weight: 400;\">Kilkana\u015bcie minut promem od Dubrownika i jeste\u015b w zupe\u0142nie innym miejscu: g\u0119sty las, spokojne zatoki, ogr\u00f3d botaniczny i prawie \u017cadnego turystycznego gwaru. Idealna na spokojne popo\u0142udnie, kiedy centrum jest zat\u0142oczone.<\/span><\/p>\n<p><span style=\"font-weight: 400;\">Uczciwe ostrze\u017cenie: Dubrownik to jedno z najdro\u017cszych miejsc w ca\u0142ej Chorwacji. Restauracje w centrum s\u0105 bardzo drogie, parkingi szokuj\u0105co kosztowne. Warto nocowa\u0107 poza murami lub odwiedzi\u0107 miasto wiosn\u0105 albo jesieni\u0105.<\/span><\/p>\n<h3><b>Zadar i Dalmacja P\u00f3\u0142nocna<\/b><\/h3>\n<p><span style=\"font-weight: 400;\">Zadar przez lata \u017cy\u0142 w cieniu Splitu i Dubrownika, a niezas\u0142u\u017cenie. Pi\u0105te co do wielko\u015bci miasto Chorwacji ma histori\u0119 si\u0119gaj\u0105c\u0105 IV wieku p.n.e. i dwie absolutnie unikalne atrakcje, kt\u00f3rych nie ma nigdzie indziej na \u015bwiecie.<\/span><\/p>\n<p><b>Morskie Organy<\/b><span style=\"font-weight: 400;\"> to instalacja wzd\u0142u\u017c nabrze\u017ca, kt\u00f3ra dzi\u0119ki falom morskim nape\u0142niaj\u0105cym kana\u0142y pod chodnikiem wydaje organowe d\u017awi\u0119ki. Tury\u015bci siadaj\u0105 na stopniach i s\u0142uchaj\u0105 godzinami. Obok stoi <\/span><b>Pozdrowienie S\u0142o\u0144ca<\/b><span style=\"font-weight: 400;\"> \u2013 \u015bwietlna instalacja zasilana energi\u0105 s\u0142oneczn\u0105, kt\u00f3ra o zmierzchu tworzy hipnotyzuj\u0105cy pokaz kolor\u00f3w. Alfred Hitchcock powiedzia\u0142 kiedy\u015b, \u017ce Zadar ma najpi\u0119kniejszy zach\u00f3d s\u0142o\u0144ca na \u015bwiecie \u2013 i trudno si\u0119 z nim nie zgodzi\u0107.<\/span><\/p>\n<div id=\"attachment_60322\" style=\"width: 1210px\" class=\"wp-caption alignnone\"><img loading=\"lazy\" decoding=\"async\" aria-describedby=\"caption-attachment-60322\" class=\"wp-image-60322 size-full\" src=\"https:\/\/www.suncamp.pl\/blog\/wp-content\/uploads\/2026\/01\/zadar-2.png\" alt=\"Zadar\" width=\"1200\" height=\"800\" srcset=\"https:\/\/www.suncamp.pl\/blog\/wp-content\/uploads\/2026\/01\/zadar-2.png 1200w, https:\/\/www.suncamp.pl\/blog\/wp-content\/uploads\/2026\/01\/zadar-2-450x300.png 450w, https:\/\/www.suncamp.pl\/blog\/wp-content\/uploads\/2026\/01\/zadar-2-1024x683.png 1024w, https:\/\/www.suncamp.pl\/blog\/wp-content\/uploads\/2026\/01\/zadar-2-768x512.png 768w, https:\/\/www.suncamp.pl\/blog\/wp-content\/uploads\/2026\/01\/zadar-2-140x94.png 140w\" sizes=\"auto, (max-width: 1200px) 100vw, 1200px\" \/><p id=\"caption-attachment-60322\" class=\"wp-caption-text\">Zadar<\/p><\/div>\n<p><span style=\"font-weight: 400;\">Poza samym centrum warto zobaczy\u0107:<\/span><\/p>\n<ul>\n<li style=\"font-weight: 400;\" aria-level=\"1\"><b>Ko\u015bci\u00f3\u0142 \u015bw. Donata<\/b><span style=\"font-weight: 400;\"> z IX wieku \u2013 jeden z najlepiej zachowanych obiekt\u00f3w wczesno\u015bredniowiecznych w regionie<\/span><\/li>\n<li style=\"font-weight: 400;\" aria-level=\"1\"><b>Katedr\u0119 \u015bw. Anastazji<\/b><span style=\"font-weight: 400;\"> z prze\u0142omu XII i XIII wieku<\/span><\/li>\n<li style=\"font-weight: 400;\" aria-level=\"1\"><b>Lagun\u0119 w Nin<\/b><span style=\"font-weight: 400;\"> \u2013 piaszczysta pla\u017ca zaledwie 20 km od Zadaru, idealna dla rodzin z dzie\u0107mi<\/span><\/li>\n<\/ul>\n<p>Jednym z najlepszych kemping\u00f3w w Dalmacji jest <a href=\"https:\/\/www.suncamp.pl\/chorwacja\/zadarska\/zaton\/camping-zaton-holiday-resort-105237\/\">Zaton Holiday Resort<\/a> &#8211; po\u0142o\u017cony w\u0142a\u015bnie w pobli\u017cu Zadaru.<\/p>\n<h4><b>Park Narodowy Krka<\/b><\/h4>\n<p><span style=\"font-weight: 400;\">Kilkadziesi\u0105t kilometr\u00f3w od Zadaru i Szybenika le\u017cy jeden z najpopularniejszych park\u00f3w narodowych Chorwacji. Rzeka Krka tworzy tu seri\u0119 kaskad i jezior, z kt\u00f3rych najs\u0142ynniejszy jest <\/span><b>Skradinski Buk<\/b><span style=\"font-weight: 400;\"> \u2013 17 kaskad na \u0142\u0105cznej d\u0142ugo\u015bci 800 metr\u00f3w. Najwy\u017cszy wodospad parku, Manojlova\u010dki slap, opada z ponad 84 metr\u00f3w. W wyznaczonych miejscach mo\u017cna si\u0119 k\u0105pa\u0107 \u2013 to jedna z najwi\u0119kszych atrakcji regionu dla rodzin z dzie\u0107mi. Wej\u015bcie do parku p\u0142atne, ceny zale\u017c\u0105 od sezonu.<\/span><\/p>\n<div id=\"attachment_61393\" style=\"width: 1210px\" class=\"wp-caption alignnone\"><img loading=\"lazy\" decoding=\"async\" aria-describedby=\"caption-attachment-61393\" class=\"wp-image-61393 size-full\" src=\"https:\/\/www.suncamp.pl\/blog\/wp-content\/uploads\/2026\/04\/krka-1200x800-1.png\" alt=\"Wodospady Krka\" width=\"1200\" height=\"800\" srcset=\"https:\/\/www.suncamp.pl\/blog\/wp-content\/uploads\/2026\/04\/krka-1200x800-1.png 1200w, https:\/\/www.suncamp.pl\/blog\/wp-content\/uploads\/2026\/04\/krka-1200x800-1-450x300.png 450w, https:\/\/www.suncamp.pl\/blog\/wp-content\/uploads\/2026\/04\/krka-1200x800-1-1024x683.png 1024w, https:\/\/www.suncamp.pl\/blog\/wp-content\/uploads\/2026\/04\/krka-1200x800-1-768x512.png 768w, https:\/\/www.suncamp.pl\/blog\/wp-content\/uploads\/2026\/04\/krka-1200x800-1-140x94.png 140w\" sizes=\"auto, (max-width: 1200px) 100vw, 1200px\" \/><p id=\"caption-attachment-61393\" class=\"wp-caption-text\">Wodospady Krka<\/p><\/div>\n<h4><b>Park Narodowy Kornati<\/b><\/h4>\n<p><span style=\"font-weight: 400;\">Archipelag ponad stu nagich, wapiennych wysp i wysepek, praktycznie niezamieszka\u0142ych. Rejsy na Kornati organizowane s\u0105 z Zadaru i Szybenika. Bia\u0142e ska\u0142y kontrastuj\u0105 z g\u0142\u0119bokim b\u0142\u0119kitem morza \u2013 pejza\u017c jak z innej planety. Doskona\u0142y cel dla \u017ceglarzy i nurk\u00f3w; pod wod\u0105 kryj\u0105 si\u0119 rafy, jaskinie i wraki.<\/span><\/p>\n<div id=\"attachment_54631\" style=\"width: 1210px\" class=\"wp-caption alignnone\"><img loading=\"lazy\" decoding=\"async\" aria-describedby=\"caption-attachment-54631\" class=\"wp-image-54631 size-full\" src=\"https:\/\/www.suncamp.pl\/blog\/wp-content\/uploads\/2025\/01\/kornati-1200x900-1.png\" alt=\"Kornati\" width=\"1200\" height=\"900\" srcset=\"https:\/\/www.suncamp.pl\/blog\/wp-content\/uploads\/2025\/01\/kornati-1200x900-1.png 1200w, https:\/\/www.suncamp.pl\/blog\/wp-content\/uploads\/2025\/01\/kornati-1200x900-1-400x300.png 400w, https:\/\/www.suncamp.pl\/blog\/wp-content\/uploads\/2025\/01\/kornati-1200x900-1-1024x768.png 1024w, https:\/\/www.suncamp.pl\/blog\/wp-content\/uploads\/2025\/01\/kornati-1200x900-1-768x576.png 768w\" sizes=\"auto, (max-width: 1200px) 100vw, 1200px\" \/><p id=\"caption-attachment-54631\" class=\"wp-caption-text\">Kornati<\/p><\/div>\n<h4><b>Szybenik<\/b><\/h4>\n<p><span style=\"font-weight: 400;\">Jedno z nielicznych miast w Chorwacji za\u0142o\u017conych przez samych Chorwat\u00f3w \u2013 bez Grek\u00f3w czy Rzymian. <\/span><b>Katedra \u015bw. Jakuba<\/b><span style=\"font-weight: 400;\"> z XV i XVI wieku jest wpisana na list\u0119 UNESCO jako arcydzie\u0142o renesansowej architektury. Warto te\u017c wej\u015b\u0107 na twierdz\u0119 \u015bw. Micha\u0142a z widokiem na miasto i zatok\u0119.<\/span><\/p>\n<p>W pobli\u017cu znajdziesz <a href=\"https:\/\/www.suncamp.pl\/chorwacja\/szybenicko-kninska\/szybenik\/camping-resort-sibenik-126383\/\">Camping Resort Sibenik<\/a> &#8211; idealny na pobyt przy morzu.<\/p>\n<h3><b>Trogir \u2013 \u015bredniowieczna star\u00f3wka na wyspie<\/b><\/h3>\n<p><span style=\"font-weight: 400;\">Trogir le\u017cy 27 km od Splitu i wi\u0119kszo\u015b\u0107 turyst\u00f3w odwiedza je jako jednodniow\u0105 wycieczk\u0119. S\u0142usznie \u2013 ale trzeba mu po\u015bwi\u0119ci\u0107 przynajmniej p\u00f3\u0142 dnia.<\/span><\/p>\n<p><span style=\"font-weight: 400;\">Stare Miasto zajmuje ma\u0142\u0105 wysp\u0119 po\u0142\u0105czon\u0105 mostami z l\u0105dem i wysp\u0105 \u010ciovo. Ca\u0142o\u015b\u0107 wpisana na list\u0119 UNESCO. Tw\u00f3rcy \u201eGry o Tron&#8221; wybrali Trogir na plan filmowy \u2013 miasto zagra\u0142o Wolne Miasto Quarth.<\/span><\/p>\n<p><span style=\"font-weight: 400;\">Co zobaczy\u0107 w Trogirze:<\/span><\/p>\n<ul>\n<li style=\"font-weight: 400;\" aria-level=\"1\"><b>Katedra \u015bw. Wawrzy\u0144ca<\/b><span style=\"font-weight: 400;\"> z <\/span><b>Portalem Radovana<\/b><span style=\"font-weight: 400;\"> \u2013 arcydzie\u0142o roma\u0144sko-gotyckiej rze\u017aby z XIII wieku, jedno z najcenniejszych dzie\u0142 sztuki \u015bredniowiecznej w Chorwacji<\/span><\/li>\n<li style=\"font-weight: 400;\" aria-level=\"1\"><b>Twierdza Kamerlengo<\/b><span style=\"font-weight: 400;\"> \u2013 wenecka fortyfikacja z widokiem na zatok\u0119<\/span><\/li>\n<li style=\"font-weight: 400;\" aria-level=\"1\"><b>Brama L\u0105dowa i Brama Morska<\/b><span style=\"font-weight: 400;\"> \u2013 dwa wej\u015bcia do star\u00f3wki, zachowane w doskona\u0142ym stanie<\/span><\/li>\n<li style=\"font-weight: 400;\" aria-level=\"1\"><b>Pa\u0142ac \u0106ipiko<\/b><span style=\"font-weight: 400;\"> \u2013 renesansowy pa\u0142ac z pi\u0119kn\u0105 loggi\u0105 przy g\u0142\u00f3wnym placu<\/span><\/li>\n<\/ul>\n<p>Kemping w pobli\u017cu Trogiru to <a href=\"https:\/\/www.suncamp.pl\/chorwacja\/splicko-dalmatynska\/vranjca\/amadria-park-camping-trogir-105254\/\">Amadria Park Camping Trogir<\/a> &#8211; z basenami i bezpo\u015brednim dost\u0119pem do morza.<\/p>\n<div id=\"attachment_61411\" style=\"width: 1210px\" class=\"wp-caption alignnone\"><img loading=\"lazy\" decoding=\"async\" aria-describedby=\"caption-attachment-61411\" class=\"wp-image-61411 size-full\" src=\"https:\/\/www.suncamp.pl\/blog\/wp-content\/uploads\/2026\/04\/trogir-1200x800-1.png\" alt=\"Trogir\" width=\"1200\" height=\"800\" srcset=\"https:\/\/www.suncamp.pl\/blog\/wp-content\/uploads\/2026\/04\/trogir-1200x800-1.png 1200w, https:\/\/www.suncamp.pl\/blog\/wp-content\/uploads\/2026\/04\/trogir-1200x800-1-450x300.png 450w, https:\/\/www.suncamp.pl\/blog\/wp-content\/uploads\/2026\/04\/trogir-1200x800-1-1024x683.png 1024w, https:\/\/www.suncamp.pl\/blog\/wp-content\/uploads\/2026\/04\/trogir-1200x800-1-768x512.png 768w, https:\/\/www.suncamp.pl\/blog\/wp-content\/uploads\/2026\/04\/trogir-1200x800-1-140x94.png 140w\" sizes=\"auto, (max-width: 1200px) 100vw, 1200px\" \/><p id=\"caption-attachment-61411\" class=\"wp-caption-text\">Trogir<\/p><\/div>\n<h3><b>Wyspy Dalmacji \u015arodkowej<\/b><\/h3>\n<p><span style=\"font-weight: 400;\">\u015arodkowa Dalmacja ma najbogatsz\u0105 ofert\u0119 wyspiarsk\u0105. Ze Splitu w kilkadziesi\u0105t minut promem docierasz do kilku zupe\u0142nie r\u00f3\u017cnych \u015bwiat\u00f3w.<\/span><\/p>\n<h4><b>Hvar \u2013 s\u0142o\u0144ce, lawenda i nocne \u017cycie<\/b><\/h4>\n<p><span style=\"font-weight: 400;\">Hvar jest okrzykni\u0119ty najbardziej s\u0142oneczn\u0105 wysp\u0105 Chorwacji \u2013 rocznie przypada tu ponad 2 700 godzin s\u0142o\u0144ca. Wyspa \u0142\u0105czy w sobie dwie twarze: miasto Hvar z ekskluzywnym nocnym \u017cyciem i marina pe\u0142na jacht\u00f3w, oraz spokojne wioski i pola lawendy we wn\u0119trzu wyspy.<\/span><\/p>\n<p><span style=\"font-weight: 400;\">Co warto zobaczy\u0107 na Hvarze:<\/span><\/p>\n<ul>\n<li style=\"font-weight: 400;\" aria-level=\"1\"><b>Twierdza \u0160panjola<\/b><span style=\"font-weight: 400;\"> z widokiem na miasto i Wyspy Pakli\u0144skie<\/span><\/li>\n<li style=\"font-weight: 400;\" aria-level=\"1\"><b>Wyspy Pakli\u0144skie<\/b><span style=\"font-weight: 400;\"> \u2013 rejs z portu w Hvarze, krystaliczne zatoki i spokojne pla\u017ce<\/span><\/li>\n<li style=\"font-weight: 400;\" aria-level=\"1\"><b>Stari Grad<\/b><span style=\"font-weight: 400;\"> \u2013 jedno z najstarszych miast w Chorwacji, za\u0142o\u017cone przez Grek\u00f3w w IV w. p.n.e., wpisane na list\u0119 UNESCO wraz z polami Starogradskiego<\/span><\/li>\n<li style=\"font-weight: 400;\" aria-level=\"1\"><span style=\"font-weight: 400;\">Pola lawendy w okolicach Jelsy \u2013 najpi\u0119kniejsze w czerwcu<\/span><\/li>\n<\/ul>\n<h4><b>Bra\u010d \u2013 Zlatni Rat i kamienio\u0142omy<\/b><\/h4>\n<p><span style=\"font-weight: 400;\">Wyspa Bra\u010d s\u0142ynie z dw\u00f3ch rzeczy: <\/span><b>pla\u017cy Zlatni Rat<\/b><span style=\"font-weight: 400;\"> i bia\u0142ego kamienia, z kt\u00f3rego zbudowane s\u0105 m.in. Pa\u0142ac Dioklecjana w Splicie i Bia\u0142y Dom w Waszyngtonie.<\/span><\/p>\n<p><span style=\"font-weight: 400;\">Zlatni Rat ko\u0142o Bolu to jeden z najbardziej fotografowanych widok\u00f3w ca\u0142ej Chorwacji \u2013 charakterystyczny, tr\u00f3jk\u0105tny cypel wchodz\u0105cy w morze, kt\u00f3ry zmienia kszta\u0142t pod wp\u0142ywem wiatru i pr\u0105d\u00f3w morskich. W rankingu Forbesa pla\u017ca pojawi\u0142a si\u0119 w zestawieniu z Copacaban\u0105 i St. Tropez. Poza Zlatni Rat warto zobaczy\u0107 <\/span><b>klasztor dominikan\u00f3w w Bolu<\/b><span style=\"font-weight: 400;\"> oraz \u2013 dla bardziej odwa\u017cnych \u2013 schron dla statk\u00f3w w zatoce Smrka, dost\u0119pny tylko \u0142\u00f3dk\u0105.<\/span><\/p>\n<h4><b>Vis \u2013 dziko\u015b\u0107 i B\u0142\u0119kitna Grota<\/b><\/h4>\n<p><span style=\"font-weight: 400;\">Vis przez dekady by\u0142 zamkni\u0119t\u0105 baz\u0105 wojskow\u0105 Jugos\u0142awii i udost\u0119pniono go turystom dopiero w 1989 roku. Dzi\u0119ki temu omin\u0119\u0142a go masowa zabudowa turystyczna \u2013 i to wida\u0107. Wyspa jest dzika, autentyczna i znacznie spokojniejsza ni\u017c Hvar czy Bra\u010d.<\/span><\/p>\n<p><span style=\"font-weight: 400;\">Z Visu mo\u017cna wyp\u0142yn\u0105\u0107 na s\u0105siedni\u0105 male\u0144k\u0105 wysp\u0119 <\/span><b>Bi\u0161evo<\/b><span style=\"font-weight: 400;\">, gdzie znajduje si\u0119 <\/span><b>B\u0142\u0119kitna Grota<\/b><span style=\"font-weight: 400;\"> \u2013 morska jaskinia, do kt\u00f3rej \u015bwiat\u0142o wpada przez podwodne wej\u015bcie i maluje wn\u0119trze intensywnym, elektrycznym b\u0142\u0119kitem. To jedno z tych do\u015bwiadcze\u0144, kt\u00f3re trudno opisa\u0107 s\u0142owami.<\/span><\/p>\n<h4><b>Kor\u010dula \u2013 wyspa Marco Polo<\/b><\/h4>\n<p><span style=\"font-weight: 400;\">Kor\u010dula le\u017cy ju\u017c w Dalmacji Po\u0142udniowej, ale jest tak wyj\u0105tkowa, \u017ce nie mo\u017cna jej pomin\u0105\u0107. Miasto Kor\u010dula na cyplu wyspy wygl\u0105da jak miniatura Dubrownika \u2013 w\u0105skie uliczki w jode\u0142k\u0119, gotyckie i renesansowe pa\u0142ace, mury obronne. Wed\u0142ug miejscowej legendy tutaj urodzi\u0142 si\u0119 Marco Polo. Czy to prawda \u2013 nikt nie wie, ale legenda dzia\u0142a na turyst\u00f3w.<\/span><\/p>\n<p><span style=\"font-weight: 400;\">Poza miastem warto przejecha\u0107 ca\u0142\u0105 wysp\u0119: winnice przy Lumbardzie daj\u0105 jedno z najlepszych chorwackich bia\u0142ych win \u2013 <\/span><b>Grk<\/b><span style=\"font-weight: 400;\">, szczep rosn\u0105cy tylko tutaj. Na zachodnim kra\u0144cu wyspy, w Vela Luce, warto zobaczy\u0107 jaskini\u0119 Vela \u0160pila z prehistorycznymi znaleziskami.<\/span><\/p>\n<h3><b>Riwiera Makarska i Park Przyrody Biokovo<\/b><\/h3>\n<p><span style=\"font-weight: 400;\">Riwiera Makarska to 60-kilometrowy odcinek wybrze\u017ca od Breli do Gradca \u2013 jeden z najpi\u0119kniejszych w ca\u0142ej Chorwacji. Z jednej strony morze, z drugiej pionowe \u015bciany masywu <\/span><b>Biokovo<\/b><span style=\"font-weight: 400;\"> wznosz\u0105cego si\u0119 na ponad 1 700 metr\u00f3w.<\/span><\/p>\n<p><b>Brela<\/b><span style=\"font-weight: 400;\"> to ma\u0142a miejscowo\u015b\u0107 z pla\u017c\u0105 <\/span><b>Punta Rata<\/b><span style=\"font-weight: 400;\">, kt\u00f3ra regularnie pojawia si\u0119 w \u015bwiatowych rankingach najpi\u0119kniejszych pla\u017c \u2013 w zestawieniu Forbesa stan\u0119\u0142a obok Copacabany. Charakterystyczna ska\u0142a z sosn\u0105 wyrastaj\u0105c\u0105 wprost z morza to jeden z najbardziej rozpoznawalnych widok\u00f3w Dalmacji.<\/span><\/p>\n\n<div id=\"attachment_61417\" style=\"width: 1210px\" class=\"wp-caption alignnone\"><img loading=\"lazy\" decoding=\"async\" aria-describedby=\"caption-attachment-61417\" class=\"wp-image-61417 size-full\" src=\"https:\/\/www.suncamp.pl\/blog\/wp-content\/uploads\/2026\/04\/brela-1200x800-1.png\" alt=\"Brela\" width=\"1200\" height=\"800\" srcset=\"https:\/\/www.suncamp.pl\/blog\/wp-content\/uploads\/2026\/04\/brela-1200x800-1.png 1200w, https:\/\/www.suncamp.pl\/blog\/wp-content\/uploads\/2026\/04\/brela-1200x800-1-450x300.png 450w, https:\/\/www.suncamp.pl\/blog\/wp-content\/uploads\/2026\/04\/brela-1200x800-1-1024x683.png 1024w, https:\/\/www.suncamp.pl\/blog\/wp-content\/uploads\/2026\/04\/brela-1200x800-1-768x512.png 768w, https:\/\/www.suncamp.pl\/blog\/wp-content\/uploads\/2026\/04\/brela-1200x800-1-140x94.png 140w\" sizes=\"auto, (max-width: 1200px) 100vw, 1200px\" \/><p id=\"caption-attachment-61417\" class=\"wp-caption-text\">Brela<\/p><\/div>\n<p><b>Makarska<\/b><span style=\"font-weight: 400;\"> to centrum Riwiery \u2013 tu jest najwi\u0119kszy wyb\u00f3r restauracji, bar\u00f3w i nocnego \u017cycia. Z miasta odp\u0142ywaj\u0105 promy na wysp\u0119 Bra\u010d. Warto wej\u015b\u0107 na <\/span><b>szklany taras widokowy Skywalk Biokovo<\/b><span style=\"font-weight: 400;\"> w Parku Przyrody Biokovo \u2013 przepa\u015b\u0107 pod nogami, Adriatyk w oddali, widok na kilkadziesi\u0105t kilometr\u00f3w w ka\u017cd\u0105 stron\u0119. Dost\u0119p kr\u0119t\u0105 drog\u0105 g\u00f3rsk\u0105.<\/span><\/p>\n<p><span style=\"font-weight: 400;\">Dla aktywnych <\/span><b>Park Przyrody Biokovo<\/b><span style=\"font-weight: 400;\"> oferuje szlaki piesze, w tym wej\u015bcia na <\/span><b>Sv. Jure<\/b><span style=\"font-weight: 400;\"> (1762 m n.p.m.) \u2013 najwy\u017cszy szczyt Dalmacji z widokiem si\u0119gaj\u0105cym W\u0142och w czyste dni.<\/span><\/p>\n<h3><b>Omi\u0161 i rzeka Cetina \u2013 dla lubi\u0105cych adrenalin\u0105<\/b><\/h3>\n<p><span style=\"font-weight: 400;\">Omi\u0161 le\u017cy przy uj\u015bciu rzeki Cetiny do Adriatyku, mi\u0119dzy skalnymi klifami, i przez wieki by\u0142 twierdz\u0105 dalmaty\u0144skich pirat\u00f3w. Dzi\u015b to jedna z ciekawszych miejscowo\u015bci ca\u0142ej \u015brodkowej Dalmacji.<\/span><\/p>\n<p><span style=\"font-weight: 400;\">Rzeka Cetina wcinaj\u0105ca si\u0119 w g\u0142\u0105b l\u0105du oferuje <\/span><b>rafting i canyoning<\/b><span style=\"font-weight: 400;\"> \u2013 jeden z najpopularniejszych aktywnych wypad\u00f3w w regionie. Trasa prowadzi przez kanion, w\u015br\u00f3d ska\u0142 i zieleni, z kilkoma progami wodnymi. Organizuje go kilka firm bezpo\u015brednio z Omi\u0161a i Makarskiej.<\/span><\/p>\n<p><span style=\"font-weight: 400;\">Warto te\u017c dojecha\u0107 do <\/span><b>Wodospadu Gubavica<\/b><span style=\"font-weight: 400;\"> ko\u0142o miejscowo\u015bci Zadvarje \u2013 dwie kaskady Cetiny o \u0142\u0105cznej wysoko\u015bci 50 metr\u00f3w, do kt\u00f3rych prowadzi punkt widokowy z parkingiem. Wej\u015bcie bezp\u0142atne.<\/span><\/p>\n<h3><b>Imotski \u2013 miasto nad przepa\u015bci\u0105<\/b><\/h3>\n<p><span style=\"font-weight: 400;\">Imotski le\u017cy daleko od turystycznych szlak\u00f3w, przy samej granicy z Bo\u015bni\u0105 i Hercegowin\u0105 \u2013 i w\u0142a\u015bnie dlatego warto tam pojecha\u0107. Miasteczko jest autentyczne i nierozdeptane przez turystyk\u0119 masow\u0105.<\/span><\/p>\n<p><span style=\"font-weight: 400;\">G\u0142\u00f3wna atrakcja to <\/span><b>Crveno Jezero<\/b><span style=\"font-weight: 400;\"> \u2013 Czerwone Jezioro ukryte w najwi\u0119kszym leju krasowym w Europie, si\u0119gaj\u0105cym 540 metr\u00f3w g\u0142\u0119boko\u015bci. Widok z kraw\u0119dzi zapiera dech. Niedaleko le\u017cy <\/span><b>Modro Jezero<\/b><span style=\"font-weight: 400;\"> (B\u0142\u0119kitne Jezioro), kt\u00f3rego poziom wody zmienia si\u0119 drastycznie \u2013 w lecie schodzi na tyle nisko, \u017ce mo\u017cna schodzi\u0107 na dno kanionu. Z <\/span><b>Twierdzy Topana<\/b><span style=\"font-weight: 400;\"> roztacza si\u0119 widok na oba jeziora i jeden z najpi\u0119kniej po\u0142o\u017conych stadion\u00f3w pi\u0142karskich w Europie.<\/span><\/p>\n<h3><b>P\u00f3\u0142wysep Pelje\u0161ac \u2013 wino i ostrygi<\/b><\/h3>\n<p><span style=\"font-weight: 400;\">Pelje\u0161ac to d\u0142ugi, w\u0105ski p\u00f3\u0142wysep wcinaj\u0105cy si\u0119 w Adriatyk w Dalmacji Po\u0142udniowej, \u0142\u0105cz\u0105cy si\u0119 z l\u0105dem przez <\/span><b>Most Pelje\u0161ki<\/b><span style=\"font-weight: 400;\"> \u2013 najd\u0142u\u017cszy most w Chorwacji, otwarty w 2022 roku. Wcze\u015bniej dojazd wymaga\u0142 przejazdu przez Bo\u015bni\u0119 i Hercegowin\u0119.<\/span><\/p>\n<p><span style=\"font-weight: 400;\">P\u00f3\u0142wysep s\u0142ynie z dw\u00f3ch rzeczy. Pierwsze to <\/span><b>ostrygi z Mali Ston<\/b><span style=\"font-weight: 400;\"> \u2013 hodowane w czystych wodach zatoki i uwa\u017cane za jedne z najlepszych na ca\u0142ym Adriatyku. Mo\u017cna je zje\u015b\u0107 bezpo\u015brednio od hodowc\u00f3w za u\u0142amek ceny restauracyjnej. Drugie to <\/span><b>wino Dinga\u010d<\/b><span style=\"font-weight: 400;\"> \u2013 jedno z najs\u0142ynniejszych chorwackich win czerwonych, produkowane ze szczepu Plavac Mali na stromych, nas\u0142onecznionych zboczach na zachodnim wybrze\u017cu p\u00f3\u0142wyspu. Winnice mo\u017cna odwiedza\u0107, degustacje s\u0105 powszechne.<\/span><\/p>\n<p><span style=\"font-weight: 400;\">Warto te\u017c wej\u015b\u0107 na mury w <\/span><b>Stonie<\/b><span style=\"font-weight: 400;\"> \u2013 jedne z najd\u0142u\u017cszych zachowanych fortyfikacji \u015bredniowiecznych w Europie, ci\u0105gn\u0105ce si\u0119 przez niemal 5,5 kilometra. Ciekawostka: to w\u0142a\u015bnie tu dzia\u0142a <\/span><b>Solana Ston<\/b><span style=\"font-weight: 400;\"> \u2013 najstarsza wci\u0105\u017c funkcjonuj\u0105ca salina w Europie.<\/span><\/p>\n<h3><b>Kiedy jecha\u0107 do Dalmacji?<\/b><\/h3>\n<p><span style=\"font-weight: 400;\">Dalmacja jest atrakcyjna przez niemal ca\u0142y rok, ale wyb\u00f3r terminu mocno wp\u0142ywa na komfort i koszty.<\/span><\/p>\n<p><b>Czerwiec i wrzesie\u0144<\/b><span style=\"font-weight: 400;\"> to z\u0142oty \u015brodek \u2013 morze ciep\u0142e, t\u0142umy mniejsze ni\u017c w lipcu i sierpniu, ceny ni\u017csze. Wrzesie\u0144 jest szczeg\u00f3lnie polecany: powietrze ch\u0142odniejsze, ale woda wci\u0105\u017c bardzo ciep\u0142a po ca\u0142ym lecie.<\/span><\/p>\n<p><b>Lipiec i sierpie\u0144<\/b><span style=\"font-weight: 400;\"> to szczyt sezonu \u2013 Dubrownik i Hvar s\u0105 wtedy naprawd\u0119 zat\u0142oczone, ceny na najwy\u017cszym poziomie, a miejsca parkingowe to luksus. Je\u015bli jedziesz w tym terminie, rezerwuj noclegi z du\u017cym wyprzedzeniem.<\/span><\/p>\n<p><b>Maj i pa\u017adziernik<\/b><span style=\"font-weight: 400;\"> to dobry wyb\u00f3r dla tych, kt\u00f3rzy chc\u0105 zwiedza\u0107 miasta bez t\u0142um\u00f3w i upa\u0142u. Morze jest ch\u0142odniejsze, ale pla\u017ce spokojne, a restauracje przyjmuj\u0105 z u\u015bmiechem.<\/span><\/p>\n<p><b>Zima<\/b><span style=\"font-weight: 400;\"> \u2013 Split i Dubrownik dzia\u0142aj\u0105 przez ca\u0142y rok i s\u0105 pi\u0119kne poza sezonem. Wyspy zamieraj\u0105.<\/span><\/p>\n<h3><b>Jak si\u0119 porusza\u0107 po Dalmacji?<\/b><\/h3>\n<p><span style=\"font-weight: 400;\">Samoch\u00f3d to najwi\u0119ksza wolno\u015b\u0107 \u2013 pozwala dociera\u0107 do miejsc poza g\u0142\u00f3wnymi szlakami, zatrzymywa\u0107 si\u0119 na widok\u00f3wkowych prze\u0142\u0119czach i dojecha\u0107 na spokojne pla\u017ce bez t\u0142um\u00f3w. Na wyspach samoch\u00f3d jest przydatny, ale nie niezb\u0119dny \u2013 mo\u017cna wypo\u017cyczy\u0107 motor, skuter lub rower na miejscu.<\/span><\/p>\n<p><span style=\"font-weight: 400;\">Promy i katamarany \u0142\u0105cz\u0105 Split z Hvarem, Bra\u010dem, Visem, \u0160olt\u0105 i innymi wyspami. Katamarany s\u0105 szybsze, ale nie zabieraj\u0105 samochod\u00f3w. Rozk\u0142ady i bilety dost\u0119pne na stronie <\/span><b>Jadrolinija<\/b><span style=\"font-weight: 400;\"> \u2013 warto rezerwowa\u0107 z wyprzedzeniem w sezonie.<\/span><\/p>\n<p><span style=\"font-weight: 400;\">Autobusy kursuj\u0105 wzd\u0142u\u017c ca\u0142ego wybrze\u017ca i s\u0105 tanie, ale powolne ze wzgl\u0119du na ruch w sezonie. Do Splitu i Dubrownika mo\u017cna dolecie\u0107 bezpo\u015brednio z wi\u0119kszo\u015bci polskich lotnisk czarterami lub tanimi liniami.<\/span><\/p>\n<h2><b>Dalmacja na kempingu \u2013 najlepsza baza wypadowa<\/b><\/h2>\n<p><span style=\"font-weight: 400;\">Kemping w Dalmacji to jeden z najrozs\u0105dniejszych miejsc noclegowych, pozwalaj\u0105cych na \u0142atwe i przyjemne odkrywanie regionu. Dajesz sobie swobod\u0119, kt\u00f3ra w tym terenie jest bezcenna \u2013 ka\u017cdego dnia mo\u017cesz mie\u0107 nowy plan na zwiedzanie, po\u0142\u0105czony z wypoczynkiem przy pla\u017cy czy na basenie. Idealne rozwi\u0105zanie dla rodzin z dzie\u0107mi. Kempingi w Chorwacji s\u0105 doskonale zlokalizowane: bezpo\u015brednio przy pla\u017cy, w sosnowych lasach, z widokiem na morze.<\/span><\/p>\n<p><span style=\"font-weight: 400;\">Oferta kemping\u00f3w w regionie jest bardzo szeroka \u2013 od ma\u0142ych, rodzinnych o\u015brodk\u00f3w po du\u017ce o\u015brodki z basenem, restauracj\u0105 i animacjami dla dzieci. Wi\u0119kszo\u015b\u0107 z nich ma bezpo\u015brednie zej\u015bcie do morza i dost\u0119p do sport\u00f3w wodnych. Je\u015bli szukasz sprawdzonych opcji,<\/span><a href=\"https:\/\/www.suncamp.pl\/chorwacja\/\"> <span style=\"font-weight: 400;\">kempingi w Chorwacji z suncamp.pl<\/span><\/a><span style=\"font-weight: 400;\"> to gotowa baza nocleg\u00f3w z du\u017c\u0105 ilo\u015bci\u0105 sprawdzonych miejsc \u2013 bez konieczno\u015bci przeszukiwania dziesi\u0105tek stron.<\/span><\/p>\n<div id=\"attachment_59079\" style=\"width: 1210px\" class=\"wp-caption alignnone\"><img loading=\"lazy\" decoding=\"async\" aria-describedby=\"caption-attachment-59079\" class=\"wp-image-59079 size-full\" src=\"https:\/\/www.suncamp.pl\/blog\/wp-content\/uploads\/2025\/09\/strasko-tylko-zdjecie-1200x1200-1.png\" alt=\"Strasko\" width=\"1200\" height=\"1200\" srcset=\"https:\/\/www.suncamp.pl\/blog\/wp-content\/uploads\/2025\/09\/strasko-tylko-zdjecie-1200x1200-1.png 1200w, https:\/\/www.suncamp.pl\/blog\/wp-content\/uploads\/2025\/09\/strasko-tylko-zdjecie-1200x1200-1-300x300.png 300w, https:\/\/www.suncamp.pl\/blog\/wp-content\/uploads\/2025\/09\/strasko-tylko-zdjecie-1200x1200-1-1024x1024.png 1024w, https:\/\/www.suncamp.pl\/blog\/wp-content\/uploads\/2025\/09\/strasko-tylko-zdjecie-1200x1200-1-150x150.png 150w, https:\/\/www.suncamp.pl\/blog\/wp-content\/uploads\/2025\/09\/strasko-tylko-zdjecie-1200x1200-1-768x768.png 768w, https:\/\/www.suncamp.pl\/blog\/wp-content\/uploads\/2025\/09\/strasko-tylko-zdjecie-1200x1200-1-250x250.png 250w, https:\/\/www.suncamp.pl\/blog\/wp-content\/uploads\/2025\/09\/strasko-tylko-zdjecie-1200x1200-1-60x60.png 60w, https:\/\/www.suncamp.pl\/blog\/wp-content\/uploads\/2025\/09\/strasko-tylko-zdjecie-1200x1200-1-184x184.png 184w, https:\/\/www.suncamp.pl\/blog\/wp-content\/uploads\/2025\/09\/strasko-tylko-zdjecie-1200x1200-1-120x120.png 120w\" sizes=\"auto, (max-width: 1200px) 100vw, 1200px\" \/><p id=\"caption-attachment-59079\" class=\"wp-caption-text\">Camping Strasko<\/p><\/div>\n<div id=\"attachment_59962\" style=\"width: 1210px\" class=\"wp-caption alignnone\"><img loading=\"lazy\" decoding=\"async\" aria-describedby=\"caption-attachment-59962\" class=\"wp-image-59962 size-full\" src=\"https:\/\/www.suncamp.pl\/blog\/wp-content\/uploads\/2025\/12\/Zaton-Holiday-Resort-aquapark.png\" alt=\"Zaton Holiday Resort\" width=\"1200\" height=\"800\" srcset=\"https:\/\/www.suncamp.pl\/blog\/wp-content\/uploads\/2025\/12\/Zaton-Holiday-Resort-aquapark.png 1200w, https:\/\/www.suncamp.pl\/blog\/wp-content\/uploads\/2025\/12\/Zaton-Holiday-Resort-aquapark-450x300.png 450w, https:\/\/www.suncamp.pl\/blog\/wp-content\/uploads\/2025\/12\/Zaton-Holiday-Resort-aquapark-1024x683.png 1024w, https:\/\/www.suncamp.pl\/blog\/wp-content\/uploads\/2025\/12\/Zaton-Holiday-Resort-aquapark-768x512.png 768w, https:\/\/www.suncamp.pl\/blog\/wp-content\/uploads\/2025\/12\/Zaton-Holiday-Resort-aquapark-140x94.png 140w\" sizes=\"auto, (max-width: 1200px) 100vw, 1200px\" \/><p id=\"caption-attachment-59962\" class=\"wp-caption-text\">Zaton Holiday Resort<\/p><\/div>\n<h2><b>FAQ \u2013 najcz\u0119stsze pytania o Dalmacj\u0119<\/b><\/h2>\n<h3><b>Co koniecznie zobaczy\u0107 w Dalmacji, je\u015bli mam tylko tydzie\u0144?<\/b><\/h3>\n<p><span style=\"font-weight: 400;\">Tydzie\u0144 to minimum, \u017ceby zobaczy\u0107 najwa\u017cniejsze. Proponowany plan: dwa dni w Splicie z wypadem do Trogiru, jeden dzie\u0144 na wyspie Hvar lub Bra\u010d, jeden dzie\u0144 na Riwierze Makarskiej. Je\u015bli baza jest w Zadarze \u2013 jeden dzie\u0144 na Park Narodowy Krka i jeden na Kornati. Dubrownik wymaga osobnego wyjazdu lub przynajmniej dw\u00f3ch dni na po\u0142udniu.<\/span><\/p>\n<h3><b>Czy Dalmacja jest dobra dla rodzin z dzie\u0107mi?<\/b><\/h3>\n<p><span style=\"font-weight: 400;\">Tak \u2013 i to bez zastrze\u017ce\u0144. Pla\u017ce s\u0105 bezpieczne i p\u0142ytkie przy brzegu, infrastruktura turystyczna bardzo rozwini\u0119ta. Spacer po Parku Narodowym Krka, rafting na Cetinie dla starszych dzieci, Akwapark Dalmatia ko\u0142o Szybenika \u2013 atrakcji dla rodzin jest mn\u00f3stwo. Kempingi w Chorwacji s\u0105 szczeg\u00f3lnie przyjazne rodzinom z dzie\u0107mi, co dodatkowo sprawia, \u017ce to idealny kierunek dla rodzin z dzie\u0107mi.<\/span><\/p>\n<h3><b>Kt\u00f3ra cz\u0119\u015b\u0107 Dalmacji jest mniej zat\u0142oczona?<\/b><\/h3>\n<p><span style=\"font-weight: 400;\">Dalmacja P\u00f3\u0142nocna \u2013 okolice Zadaru i Szybenika \u2013 jest spokojniejsza ni\u017c po\u0142udnie z Dubrownikiem. Spo\u015br\u00f3d wysp warto rozwa\u017cy\u0107 Pag, Vis lub \u0160olt\u0119 zamiast Hvaru \u2013 mniej turyst\u00f3w, ta sama jako\u015b\u0107 morza. Imotski, Pelje\u0161ac i okolice Omi\u0161a to pere\u0142ki, kt\u00f3re nie cierpi\u0105 jeszcze na nadmiar turyst\u00f3w.<\/span><\/p>\n<h3><b>Czy warto jecha\u0107 do Dalmacji poza sezonem?<\/b><\/h3>\n<p><span style=\"font-weight: 400;\">Zdecydowanie tak. Wiosna (maj\u2013czerwiec) i jesie\u0144 (wrzesie\u0144\u2013pa\u017adziernik) to najpi\u0119kniejsze pory roku w Dalmacji \u2013 mniej t\u0142um\u00f3w, ni\u017csze ceny, wci\u0105\u017c \u015bwietna pogoda. Split i Dubrownik s\u0105 pi\u0119kne nawet zim\u0105, kiedy mo\u017cna je zwiedza\u0107 bez kolejek i t\u0142um\u00f3w.<\/span><\/p>\n<h3><b>Czy w Dalmacji potrzebny jest samoch\u00f3d?<\/b><\/h3>\n<p><span style=\"font-weight: 400;\">Do g\u0142\u00f3wnych miast \u2013 nie. Split, Zadar i Dubrownik maj\u0105 dobr\u0105 komunikacj\u0119 autobusow\u0105 i promow\u0105. Ale je\u015bli chcesz zobaczy\u0107 ukryte zatoki, dojecha\u0107 do Imotskiego, Parku Biokovo czy spokojnych wiosek na wyspach \u2013 samoch\u00f3d jest bardzo pomocny. Na wyspach mo\u017cna te\u017c wynaj\u0105\u0107 motor lub rower na miejscu.<\/span><\/p>\n<p><span style=\"font-weight: 400;\">Dalmacja to jeden z tych region\u00f3w, do kt\u00f3rych ludzie wracaj\u0105. Nieprzypadkowo: za ka\u017cdym razem mo\u017cna odkry\u0107 co\u015b nowego \u2013 inn\u0105 wysp\u0119, inny szlak, inn\u0105 wiosk\u0119 przy ko\u0144cu drogi. Je\u015bli planujesz wyjazd i zastanawiasz si\u0119, jak zorganizowa\u0107 nocleg z g\u0142ow\u0105 i bez przep\u0142acania, sprawd\u017a <\/span><a href=\"https:\/\/www.suncamp.pl\/\"><span style=\"font-weight: 400;\">suncamp.pl<\/span><\/a><span style=\"font-weight: 400;\"> \u2013 kempingi w najlepszych lokalizacjach.<\/span><\/p>\n","protected":false},"excerpt":{"rendered":"<p>Co zwiedzi\u0107 w Dalmacji? Split, Dubrownik, Trogir, wyspy i parki narodowe \u2013 kompletny przewodnik.<\/p>\n","protected":false},"author":277,"featured_media":61361,"comment_status":"open","ping_status":"closed","template":"","meta":{"_acf_changed":false,"footnotes":""},"class_list":["post-61360","listing","type-listing","status-publish","has-post-thumbnail","hentry","listing_type-pomysly-na-zwiedzanie","listing_type-praktyczna-wiedza","listing_type-wakacje-z-rodzina"],"acf":[],"_links":{"self":[{"href":"https:\/\/www.suncamp.pl\/blog\/wp-json\/wp\/v2\/listing\/61360","targetHints":{"allow":["GET"]}}],"collection":[{"href":"https:\/\/www.suncamp.pl\/blog\/wp-json\/wp\/v2\/listing"}],"about":[{"href":"https:\/\/www.suncamp.pl\/blog\/wp-json\/wp\/v2\/types\/listing"}],"author":[{"embeddable":true,"href":"https:\/\/www.suncamp.pl\/blog\/wp-json\/wp\/v2\/users\/277"}],"replies":[{"embeddable":true,"href":"https:\/\/www.suncamp.pl\/blog\/wp-json\/wp\/v2\/comments?post=61360"}],"version-history":[{"count":1,"href":"https:\/\/www.suncamp.pl\/blog\/wp-json\/wp\/v2\/listing\/61360\/revisions"}],"predecessor-version":[{"id":61432,"href":"https:\/\/www.suncamp.pl\/blog\/wp-json\/wp\/v2\/listing\/61360\/revisions\/61432"}],"wp:featuredmedia":[{"embeddable":true,"href":"https:\/\/www.suncamp.pl\/blog\/wp-json\/wp\/v2\/media\/61361"}],"wp:attachment":[{"href":"https:\/\/www.suncamp.pl\/blog\/wp-json\/wp\/v2\/media?parent=61360"}],"curies":[{"name":"wp","href":"https:\/\/api.w.org\/{rel}","templated":true}]}}