{"id":58692,"date":"2025-08-26T13:16:27","date_gmt":"2025-08-26T11:16:27","guid":{"rendered":"https:\/\/www.suncamp.nl\/blog\/?post_type=listing&#038;p=58692"},"modified":"2025-08-26T13:16:27","modified_gmt":"2025-08-26T11:16:27","slug":"rok-szkolny-2025-2026-ile-dni-wolnego-czeka-na-uczniow-sprawdz-przerwy-i-swieta","status":"publish","type":"listing","link":"https:\/\/www.suncamp.pl\/blog\/listing\/rok-szkolny-2025-2026-ile-dni-wolnego-czeka-na-uczniow-sprawdz-przerwy-i-swieta\/","title":{"rendered":"Rok szkolny 2025\/2026 \u2013 ile dni wolnego czeka na uczni\u00f3w? Sprawd\u017a przerwy i \u015bwi\u0119ta"},"content":{"rendered":"<p><img loading=\"lazy\" decoding=\"async\" class=\"alignnone wp-image-58693 size-full\" src=\"https:\/\/www.suncamp.pl\/blog\/wp-content\/uploads\/2025\/08\/Przerwy-w-roku-szkolnym.png\" alt=\"Przerwy w roku szkolnym\" width=\"1200\" height=\"800\" srcset=\"https:\/\/www.suncamp.pl\/blog\/wp-content\/uploads\/2025\/08\/Przerwy-w-roku-szkolnym.png 1200w, https:\/\/www.suncamp.pl\/blog\/wp-content\/uploads\/2025\/08\/Przerwy-w-roku-szkolnym-450x300.png 450w, https:\/\/www.suncamp.pl\/blog\/wp-content\/uploads\/2025\/08\/Przerwy-w-roku-szkolnym-1024x683.png 1024w, https:\/\/www.suncamp.pl\/blog\/wp-content\/uploads\/2025\/08\/Przerwy-w-roku-szkolnym-768x512.png 768w, https:\/\/www.suncamp.pl\/blog\/wp-content\/uploads\/2025\/08\/Przerwy-w-roku-szkolnym-140x94.png 140w\" sizes=\"auto, (max-width: 1200px) 100vw, 1200px\" \/><\/p>\n<p><em><strong>Koniec wakacji wcale nie musi by\u0107 taki straszny, je\u015bli zdamy sobie spraw\u0119, ile dni wolnego czeka na nas w roku szkolnym 2025\/2026. Ju\u017c teraz warto pozna\u0107 harmonogram wszystkich dni wolnych \u2014 od jesiennych przerw, przez przerw\u0119 \u015bwi\u0105teczn\u0105 i noworoczn\u0105 oraz zimowe ferie, a\u017c po Wielkanoc, Maj\u00f3wk\u0119 i Bo\u017ce Cia\u0142o &#8211; \u00a0ko\u0144cz\u0105c oczywi\u015bcie na kolejnych wakacjach!<\/strong><\/em><\/p>\n<p><em><strong>Je\u015bli Tw\u00f3j urlop uzale\u017cniasz od dni wolnych w szkole \u2013 tu znajdziesz poradnik kiedy najlepiej zaplanowa\u0107 wypoczynek, aby m\u00f3c zorganizowa\u0107 kr\u00f3tki (lub d\u0142u\u017cszy wyjazd) i zregenerowa\u0107 si\u0142y oraz z\u0142apa\u0107 promienie s\u0142oneczne.<\/strong><\/em><\/p>\n<h2>Kalendarz dni wolnych i przerw \u015bwi\u0105tecznych<\/h2>\n<h3>OKRES JESIENNO-ZIMOWY<\/h3>\n<ul>\n<li><strong>14 pa\u017adziernika<\/strong> (wtorek, Dzie\u0144 Nauczyciela) \u2014 mo\u017cliwo\u015b\u0107 przed\u0142u\u017cenia weekendu poprzez dodatkowy dzie\u0144 wolny w poniedzia\u0142ek<\/li>\n<li><strong>1 listopada<\/strong> (Wszystkich \u015awi\u0119tych) przypada w sobot\u0119 \u2014 za ten dzie\u0144 wi\u0119c przypada jeden dodatkowy dzie\u0144 do odbioru dla wszystkich os\u00f3b zatrudnionych na umowie o prac\u0119<\/li>\n<li><strong>11 listopada<\/strong> (\u015awi\u0119to Niepodleg\u0142o\u015bci) \u2013 wtorek \u2014 z opcj\u0105 wolnego w poniedzia\u0142ek mo\u017ce by\u0107 d\u0142ugi weekend<\/li>\n<li><strong>Zimowa przerwa \u015bwi\u0105teczna<\/strong>: 22 grudnia 2025 \u2013 6 stycznia 2025<\/li>\n<li><strong>Ferie zimowe z podzia\u0142em na wojew\u00f3dztwa<\/strong>:<\/li>\n<\/ul>\n<p><strong>&#8211; 19 stycznia \u2013 1 lutego<\/strong>: mazowieckie, pomorskie, podlaskie, \u015bwi\u0119tokrzyskie, warmi\u0144sko-mazurskie<\/p>\n<p><strong>&#8211; 2 lutego \u2013 15 lutego<\/strong>: dolno\u015bl\u0105skie, kujawsko-pomorskie, \u0142\u00f3dzkie, zachodniopomorskie, ma\u0142opolskie, opolskie<\/p>\n<p><strong>&#8211; 16 lutego \u2013 1 marca<\/strong>: podkarpackie, lubelskie, wielkopolskie, lubuskie, \u015bl\u0105skie<\/p>\n<h3>OKRES WIOSENNO-LETNI<\/h3>\n<ul>\n<li><strong>2-7 kwietnia \u2013 <\/strong>przerwa wielkanocna<\/li>\n<li><strong>Maj\u00f3wka<\/strong>&#8211; 1 maja (pi\u0105tek) \u2014 \u015awi\u0119to Pracy; 3 maja (niedziela) \u2014 \u015awi\u0119to Konstytucji 3 Maja (w sobot\u0119 niedziela)<\/li>\n<li><strong>4 czerwca &#8211; Bo\u017ce Cia\u0142o<\/strong> \u2014 mo\u017cliwo\u015b\u0107 wzi\u0119cia pi\u0105tku wolnego na d\u0142ugi weekend<\/li>\n<li><strong>Egzaminy \u00f3smoklasisty<\/strong>: 11\u201313 maja \u2014 uczniowie ich nie zdaj\u0105cy maj\u0105 wolne<\/li>\n<li><strong>Matura<\/strong>: pisemne 4\u201321 maja; ustne 7\u201330 maja; dodatkowe terminy w czerwcu \u2014 uczniowie niezdaj\u0105cy maj\u0105 wolne w ustalonych przez dyrekcj\u0119 terminach<\/li>\n<li><strong>Zako\u0144czenie roku szkolnego<\/strong>: 26 czerwca 2026 (pi\u0105tek); wakacje 27 czerwca\u201331 sierpnia<\/li>\n<\/ul>\n<h2>Ile dni wolnego \u0142\u0105cznie?<\/h2>\n<p>Wed\u0142ug szacunk\u00f3w: bior\u0105c pod uwag\u0119 ka\u017cdy wolny dzie\u0144 wolny w tym roku szkolnym, w tym weekendy, to jest to ok. <strong>177 dni wolnego<\/strong> i 188 dni nauki. To niemal r\u00f3wny podzia\u0142 \u2014 idealna r\u00f3wnowaga mi\u0119dzy obowi\u0105zkiem a odpoczynkiem!<\/p>\n<h2>Kiedy i gdzie zaplanowa\u0107 weekendy wyjazdowe?<\/h2>\n<ul>\n<li><strong>Weekend majowy 2026<\/strong>: 1 maja \u2013 pi\u0105tek; 3 maja \u2013 niedziela; mo\u017cliwe wykorzystanie poniedzia\u0142ku lub wtorku jako dodatkowego dnia wolnego, by uzyska\u0107 d\u0142ugi weekend. Idealny moment na kemping tu\u017c przed sezonem \u2014 warto rozwa\u017cy\u0107 np. \u00a0<a href=\"https:\/\/www.suncamp.pl\/slowenia\/catez-ob-savi\/camping-terme-catez-100684\/\">Camping Terme \u010cate\u017e<\/a> (S\u0142owenia), blisko granicy, gdzie wiosenna pogoda sprzyja wypoczynkowi, a ceny s\u0105 zazwyczaj ni\u017csze (szczeg\u00f3lnie poza sezonem) \u2014 atrakcyjna alternatywa dla tych, kt\u00f3rzy chc\u0105 wyd\u0142u\u017cy\u0107 wypoczynek przy minimalnym nak\u0142adzie urlopowym.<\/li>\n<li><strong>Czas egzamin\u00f3w \u00f3smoklasist\u00f3w lub matur <\/strong>\u2013 dla os\u00f3b, kt\u00f3rych to nie dotyczy, polecamy wyjazd na jeden z naszych kemping\u00f3w na <a href=\"https:\/\/www.suncamp.pl\/campsite\/search\/q\/region-geographical:515\/\">w\u0142oskiej Riwierze Adriatyckiej<\/a>.<\/li>\n<li><strong>Bo\u017ce Cia\u0142o (4 czerwca \u2014 czwartek)<\/strong>: bierzesz pi\u0105tek wolny \u2014 i masz czterodniowy weekend, w sam raz na kr\u00f3tki wypad z rodzin\u0105, np. <a href=\"https:\/\/www.suncamp.pl\/campsite\/search\/q\/country:CZE\/\">do pobliskiej Pragi<\/a>. Mo\u017cesz wyd\u0142uzy\u0107 go te\u017c oczywi\u015bcie na tygodniowy pobyt \u2013 wtedy mo\u017cesz pokusi\u0107 si\u0119 na dalsz\u0105 wypraw\u0119 \u2013 np. do <a href=\"https:\/\/www.suncamp.pl\/campsite\/search\/q\/country:HRV\/\">Chorwacji<\/a>\u00a0czy do W\u0142och, gdzie jeszcze nie ma t\u0142um\u00f3w, a pogoda sprzyja na \u0142apanie pierwszych promieni s\u0142onecznych.<\/li>\n<\/ul>\n<p><img loading=\"lazy\" decoding=\"async\" class=\"alignnone wp-image-58699 size-full\" src=\"https:\/\/www.suncamp.pl\/blog\/wp-content\/uploads\/2025\/08\/Wykorzystaj-wolne-w-maju.png\" alt=\"\" width=\"1200\" height=\"800\" srcset=\"https:\/\/www.suncamp.pl\/blog\/wp-content\/uploads\/2025\/08\/Wykorzystaj-wolne-w-maju.png 1200w, https:\/\/www.suncamp.pl\/blog\/wp-content\/uploads\/2025\/08\/Wykorzystaj-wolne-w-maju-450x300.png 450w, https:\/\/www.suncamp.pl\/blog\/wp-content\/uploads\/2025\/08\/Wykorzystaj-wolne-w-maju-1024x683.png 1024w, https:\/\/www.suncamp.pl\/blog\/wp-content\/uploads\/2025\/08\/Wykorzystaj-wolne-w-maju-768x512.png 768w, https:\/\/www.suncamp.pl\/blog\/wp-content\/uploads\/2025\/08\/Wykorzystaj-wolne-w-maju-140x94.png 140w\" sizes=\"auto, (max-width: 1200px) 100vw, 1200px\" \/><\/p>\n<p>Pami\u0119taj, \u017ce poza sezonem ceny pobyt\u00f3w na kempingach mog\u0105 kszta\u0142towa\u0107 si\u0119 wyj\u0105tkowo atrakcyjnie, co pozwala na wypoczynek, kt\u00f3ry nie nadwyr\u0119\u017cy portfela. <a href=\"https:\/\/www.suncamp.pl\/blog\/listing\/majowka-2025-5-pomyslow-na-urlop-rodzinny-za-granica-w-okazyjnych-cenach\/\">Tutaj<\/a> znajdziesz pomys\u0142y na wiosenne wyjazdy.<\/p>\n<h2>Podsumowanie<\/h2>\n<p>Rok szkolny 2025\/2026 obfituje w dni wolne \u2014 \u015bwi\u0105teczne przerwy, ferie, egzaminy i d\u0142ugie weekendy. To doskona\u0142a podstawa, \u017ceby zaplanowa\u0107 rodzinne wyjazdy na kemping \u2014 szczeg\u00f3lnie przed sezonem, kiedy pogoda zaczyna by\u0107 sprzyjaj\u0105ca, a ceny ni\u017csze. Maj\u00f3wka, Bo\u017ce Cia\u0142o czy dni po egzaminach to idealne momenty na b\u0142ogi wypoczynek &#8211; zg\u0142o\u015b si\u0119 do nas, a z ch\u0119ci\u0105 przygotujemy dla Ciebie ofert\u0119!<\/p>\n\n\n","protected":false},"excerpt":{"rendered":"<p>Rok szkolny 2025\/2026 \u2013 ile dni wolnego czeka na uczni\u00f3w? Sprawd\u017a przerwy i \u015bwi\u0119ta (zimowe, wiosenne, ferie, maj\u00f3wki, Bo\u017ce Cia\u0142o, egzaminy) oraz jak z g\u0142ow\u0105 zaplanowa\u0107 d\u0142ugi weekend \u2014 idealny na kemping z rodzin\u0105.<\/p>\n","protected":false},"author":277,"featured_media":58693,"comment_status":"open","ping_status":"closed","template":"","meta":{"_acf_changed":false,"footnotes":""},"class_list":["post-58692","listing","type-listing","status-publish","has-post-thumbnail","hentry","listing_type-kempingowe-polecenia","listing_type-pomysly-na-zwiedzanie","listing_type-praktyczna-wiedza","listing_type-wakacje-z-rodzina"],"acf":[],"_links":{"self":[{"href":"https:\/\/www.suncamp.pl\/blog\/wp-json\/wp\/v2\/listing\/58692","targetHints":{"allow":["GET"]}}],"collection":[{"href":"https:\/\/www.suncamp.pl\/blog\/wp-json\/wp\/v2\/listing"}],"about":[{"href":"https:\/\/www.suncamp.pl\/blog\/wp-json\/wp\/v2\/types\/listing"}],"author":[{"embeddable":true,"href":"https:\/\/www.suncamp.pl\/blog\/wp-json\/wp\/v2\/users\/277"}],"replies":[{"embeddable":true,"href":"https:\/\/www.suncamp.pl\/blog\/wp-json\/wp\/v2\/comments?post=58692"}],"version-history":[{"count":1,"href":"https:\/\/www.suncamp.pl\/blog\/wp-json\/wp\/v2\/listing\/58692\/revisions"}],"predecessor-version":[{"id":58705,"href":"https:\/\/www.suncamp.pl\/blog\/wp-json\/wp\/v2\/listing\/58692\/revisions\/58705"}],"wp:featuredmedia":[{"embeddable":true,"href":"https:\/\/www.suncamp.pl\/blog\/wp-json\/wp\/v2\/media\/58693"}],"wp:attachment":[{"href":"https:\/\/www.suncamp.pl\/blog\/wp-json\/wp\/v2\/media?parent=58692"}],"curies":[{"name":"wp","href":"https:\/\/api.w.org\/{rel}","templated":true}]}}