{"id":48825,"date":"2024-03-29T12:45:25","date_gmt":"2024-03-29T11:45:25","guid":{"rendered":"https:\/\/www.suncamp.nl\/blog\/?post_type=listing&#038;p=48825"},"modified":"2024-04-02T08:01:52","modified_gmt":"2024-04-02T06:01:52","slug":"5-najpiekniejszych-miejsc-nad-jeziorem-garda","status":"publish","type":"listing","link":"https:\/\/www.suncamp.pl\/blog\/listing\/5-najpiekniejszych-miejsc-nad-jeziorem-garda\/","title":{"rendered":"5 najpi\u0119kniejszych miejsc nad jeziorem Garda"},"content":{"rendered":"<p><img loading=\"lazy\" decoding=\"async\" class=\"alignnone size-medium wp-image-48831\" src=\"https:\/\/www.suncamp.pl\/blog\/wp-content\/uploads\/2024\/03\/Projekt-bez-nazwy-50-450x300.png\" alt=\"\" width=\"450\" height=\"300\" srcset=\"https:\/\/www.suncamp.pl\/blog\/wp-content\/uploads\/2024\/03\/Projekt-bez-nazwy-50-450x300.png 450w, https:\/\/www.suncamp.pl\/blog\/wp-content\/uploads\/2024\/03\/Projekt-bez-nazwy-50-768x512.png 768w, https:\/\/www.suncamp.pl\/blog\/wp-content\/uploads\/2024\/03\/Projekt-bez-nazwy-50-140x94.png 140w, https:\/\/www.suncamp.pl\/blog\/wp-content\/uploads\/2024\/03\/Projekt-bez-nazwy-50.png 900w\" sizes=\"auto, (max-width: 450px) 100vw, 450px\" \/><\/p>\n<h3>Wspania\u0142e pla\u017ce, urokliwe wioski i pi\u0119kna przyroda. Jezioro Garda w p\u00f3\u0142nocnych W\u0142oszech to miejsce, w kt\u00f3rym wszystko to si\u0119 \u0142\u0105czy. To idealne miejsce na wakacje, kt\u00f3re przypadnie do gustu zar\u00f3wno m\u0142odszym, jak i starszym. \u00a0Garda daje szeroki wyb\u00f3r tego, co mo\u017cna robi\u0107 zwiedza\u0107 na miejscu. Dlatego z naszym poradnikiem poznasz 5 najbardziej polecanych przez nas miejsc nad jeziorem Garda.<\/h3>\n\n<p>Niezale\u017cnie od tego, czy jeste\u015b po p\u00f3\u0142nocnej, wschodniej, po\u0142udniowej czy zachodniej stronie jeziora Garda, wsz\u0119dzie znajdziesz pi\u0119kne miejsca. Dlatego nie by\u0142o \u0142atwo stworzy\u0107 top 5. Ale niekt\u00f3re miejsca zas\u0142uguj\u0105 po prostu na wyr\u00f3\u017cnienie. Miasto Sirmione, park zwierz\u0105t Parco Natura Viva, wyspa Isola del Garda, pasmo g\u00f3rskie Monte Baldo i pla\u017ce w pobli\u017cu Lazise to miejsca, kt\u00f3rych nie mo\u017cna przegapi\u0107.<\/p>\n\n<p>A poniewa\u017c jest tak wiele do opowiedzenia o jeziorze Garda, dzielimy si\u0119 z Tob\u0105 r\u00f3wnie\u017c kilkoma dodatkowymi wskaz\u00f3wkami. Zabierzemy Ci\u0119 na najpi\u0119kniejsz\u0105 promenad\u0119 nad jeziorem Garda: w Sal\u00f2. Polecamy te\u017c miasto Riva del Garda i park rozrywki Gardaland.<\/p>\n\n<h4>Kt\u00f3ra cz\u0119\u015b\u0107 jeziora Garda jest najpiekniejsza?<\/h4>\n<p>Po\u0142udniowa strona jest powszechnie uwa\u017cana za &#8220;najpi\u0119kniejsz\u0105&#8221; stron\u0119 jeziora, z wieloma du\u017cymi kempingami i przytulnymi wioskami i miasteczkami. Jest to r\u00f3wnie\u017c najcieplejsza i najbardziej nas\u0142oneczniona strona jeziora Garda, wi\u0119c nie powinno dziwi\u0107, \u017ce jest to r\u00f3wnie\u017c najbardziej zat\u0142oczony obszar.<\/p>\n<p>P\u00f3\u0142nocna cz\u0119\u015b\u0107 jeziora Garda oferuje najpi\u0119kniejsze widoki \u2013 jest si\u0119 ju\u017c w otoczeniu wysokich g\u00f3r, wi\u0119c warunki pogodowe w tym miejscu mog\u0105\u015b by\u0107 r\u00f3wnie\u017c zmienne.<\/p>\n<p>Lubisz przygody i w\u0119dr\u00f3wki po lesie? W takim razie zachodnia strona jeziora Garda jest dla Ciebie. Wolisz cisz\u0119 i spok\u00f3j i kochasz dobre wino? W takim razie wsch\u00f3d jest odpowiednim miejscem. Niezale\u017cnie od tego, kt\u00f3r\u0105 stron\u0119 wybierzesz, nie zapomnij o r\u0119czniku k\u0105pielowym i butach do wody. W rzeczywisto\u015bci wsz\u0119dzie jest mn\u00f3stwo pi\u0119knych pla\u017c, na kt\u00f3rych mo\u017cna cieszy\u0107 si\u0119 w\u0142oskim s\u0142o\u0144cem.<\/p>\n<div id=\"attachment_48255\" style=\"width: 460px\" class=\"wp-caption alignnone\"><img loading=\"lazy\" decoding=\"async\" aria-describedby=\"caption-attachment-48255\" class=\"wp-image-48255 size-medium\" src=\"https:\/\/www.suncamp.pl\/blog\/wp-content\/uploads\/2024\/03\/suncamp-5x-mooiste-plekken-gardameer-1-450x300.jpg\" alt=\"\" width=\"450\" height=\"300\" srcset=\"https:\/\/www.suncamp.pl\/blog\/wp-content\/uploads\/2024\/03\/suncamp-5x-mooiste-plekken-gardameer-1-450x300.jpg 450w, https:\/\/www.suncamp.pl\/blog\/wp-content\/uploads\/2024\/03\/suncamp-5x-mooiste-plekken-gardameer-1-768x512.jpg 768w, https:\/\/www.suncamp.pl\/blog\/wp-content\/uploads\/2024\/03\/suncamp-5x-mooiste-plekken-gardameer-1-140x94.jpg 140w, https:\/\/www.suncamp.pl\/blog\/wp-content\/uploads\/2024\/03\/suncamp-5x-mooiste-plekken-gardameer-1.jpg 800w\" sizes=\"auto, (max-width: 450px) 100vw, 450px\" \/><p id=\"caption-attachment-48255\" class=\"wp-caption-text\">Prawa strona jeziora Garda jest znana ze swojego naturalnego pi\u0119kna.<\/p><\/div>\n<p>Prawa strona jeziora Garda jest znana ze swojego naturalnego pi\u0119kna.<\/p>\n\n<h4>Najpi\u0119kniejsze miejsca nad jeziorem Garda<\/h4>\n<p>Po ka\u017cdej stronie jeziora Garda mo\u017cna znale\u017a\u0107 pi\u0119kne miejsca. Niezale\u017cnie od tego, gdzie sp\u0119dzisz wakacje, dzi\u0119ki tym pi\u0119ciu pi\u0119knym miejscom masz gwarancj\u0119, \u017ce znajdziesz co\u015b w niewielkiej odleg\u0142o\u015bci od miejsca docelowego.<\/p>\n\n<h4>Sirmione<\/h4>\n<p>Sirmione jest jednym z najcz\u0119\u015bciej odwiedzanych miejsc nad jeziorem Garda nie bez powodu. Ta malownicza wioska le\u017cy po po\u0142udniowej stronie jeziora. Ju\u017c samo wej\u015bcie robi wra\u017cenie. Do centrum przechodzi si\u0119 bowiem przez most zwodzony zamku Rocca Scaligera. Od tego momentu wszystko, co musisz zrobi\u0107, to cieszy\u0107 si\u0119 naj\u0142adniejszymi restauracjami i sklepami (z zabawkami), najsmaczniejszymi lodami i staro\u017cytnymi ruinami.<\/p>\n\n<p>Centrum Sirmione jest wolne od samochod\u00f3w, podobnie jak wiele innych centr\u00f3w miasteczek wok\u00f3\u0142 jeziora. Po zaparkowaniu trzeba wi\u0119c jeszcze troch\u0119 przej\u015b\u0107. Na szcz\u0119\u015bcie w pobli\u017cu znajduje si\u0119 kilka du\u017cych parking\u00f3w. Mi\u0142\u0105 alternatyw\u0105 dla samochodu jest wycieczka promem. Odp\u0142ywa on z kilku innych miejsc w kierunku Sirmione. Oszcz\u0119dza to podr\u00f3\u017cy samochodem i dos\u0142ownie pozwala zobaczy\u0107 jezioro Garda w zupe\u0142nie inny spos\u00f3b. W ka\u017cdym razie widoki s\u0105 warte podr\u00f3\u017cy.<\/p>\n\n<p>Chcesz pozna\u0107 jeszcze dwa wspania\u0142e miasta w pobli\u017cu? Riva del Garda, najbardziej wysuni\u0119ta na p\u00f3\u0142noc miejscowo\u015b\u0107 nad jeziorem Garda, r\u00f3wnie\u017c jest godna polecenia. Czy nieco d\u0142u\u017csza podr\u00f3\u017c samochodem nie stanowi problemu? W takim razie odwied\u017a dom Julii (Romea) w Weronie (45 minut jazdy od Sirmione).<\/p>\n<div id=\"attachment_48260\" style=\"width: 505px\" class=\"wp-caption alignnone\"><img loading=\"lazy\" decoding=\"async\" aria-describedby=\"caption-attachment-48260\" class=\"size-medium wp-image-48260\" src=\"https:\/\/www.suncamp.pl\/blog\/wp-content\/uploads\/2024\/03\/suncamp-5x-mooiste-plekken-gardameer-2-495x300.jpg\" alt=\"\" width=\"495\" height=\"300\" srcset=\"https:\/\/www.suncamp.pl\/blog\/wp-content\/uploads\/2024\/03\/suncamp-5x-mooiste-plekken-gardameer-2-495x300.jpg 495w, https:\/\/www.suncamp.pl\/blog\/wp-content\/uploads\/2024\/03\/suncamp-5x-mooiste-plekken-gardameer-2-768x466.jpg 768w, https:\/\/www.suncamp.pl\/blog\/wp-content\/uploads\/2024\/03\/suncamp-5x-mooiste-plekken-gardameer-2.jpg 800w\" sizes=\"auto, (max-width: 495px) 100vw, 495px\" \/><p id=\"caption-attachment-48260\" class=\"wp-caption-text\">Widok na zamek Rocca Scaligera, jeden z najs\u0142ynniejszych zamk\u00f3w nad jeziorem Garda<\/p><\/div>\n\n<h4>Parco Natura Viva<\/h4>\n<p>Czy jeste\u015b gotowy na odrobin\u0119 przygody i natury podczas wakacji? W takim razie odwied\u017a Parco Natura Viva, w po\u0142udniowo-wschodniej cz\u0119\u015bci jeziora Garda. Park zwierz\u0105t sk\u0142ada si\u0119 z dw\u00f3ch cz\u0119\u015bci. W jednej cz\u0119\u015bci mo\u017cna wsi\u0105\u015b\u0107 do samochodu i uda\u0107 si\u0119 na safari. W drugiej, idziesz pieszo i stajesz twarz\u0105 w twarz z a\u017c 250 gatunkami zwierz\u0105t!<\/p>\n\n<p>Masz ochot\u0119 na wi\u0119cej akcji? Odwied\u017a Gardaland, najwi\u0119kszy park rozrywki we W\u0142oszech. Spektakularne przeja\u017cd\u017cki i kolejki g\u00f3rskie sprawi\u0105, \u017ce dzie\u0144 dos\u0142ownie minie, a park jest zabawny dla dzieci od 2 roku \u017cycia. Inne polecane miejsca to park wodny Caneva Aquapark, jeden z najwi\u0119kszych park\u00f3w wodnych we W\u0142oszech oraz Parco delle Cascate di Molina, park przyg\u00f3d w \u015brodku natury.<\/p>\n<div id=\"attachment_48265\" style=\"width: 460px\" class=\"wp-caption alignnone\"><img loading=\"lazy\" decoding=\"async\" aria-describedby=\"caption-attachment-48265\" class=\"size-medium wp-image-48265\" src=\"https:\/\/www.suncamp.pl\/blog\/wp-content\/uploads\/2024\/03\/suncamp-5x-mooiste-plekken-gardameer-3-450x300.jpg\" alt=\"\" width=\"450\" height=\"300\" srcset=\"https:\/\/www.suncamp.pl\/blog\/wp-content\/uploads\/2024\/03\/suncamp-5x-mooiste-plekken-gardameer-3-450x300.jpg 450w, https:\/\/www.suncamp.pl\/blog\/wp-content\/uploads\/2024\/03\/suncamp-5x-mooiste-plekken-gardameer-3-768x512.jpg 768w, https:\/\/www.suncamp.pl\/blog\/wp-content\/uploads\/2024\/03\/suncamp-5x-mooiste-plekken-gardameer-3-140x94.jpg 140w, https:\/\/www.suncamp.pl\/blog\/wp-content\/uploads\/2024\/03\/suncamp-5x-mooiste-plekken-gardameer-3.jpg 800w\" sizes=\"auto, (max-width: 450px) 100vw, 450px\" \/><p id=\"caption-attachment-48265\" class=\"wp-caption-text\">Parco Natura Viva jest domem dla a\u017c 250 gatunk\u00f3w zwierz\u0105t.<\/p><\/div>\n\n<h4>Isola del Garda<\/h4>\n<p>Na jeziorze Garda znajduje si\u0119 r\u00f3wnie\u017c wiele wysp, a Isola del Garda jest najwi\u0119ksz\u0105 z nich. Znajduje si\u0119 po zachodniej stronie jeziora, pomi\u0119dzy miastami Sal\u00f2 i San Felice del Benaco. Na wyspie znajduj\u0105 si\u0119 nie tylko okaza\u0142e wille i pi\u0119kny park, ale tak\u017ce bogata historia. Poprzedzali j\u0105 mi\u0119dzy innymi Rzymianie, francuscy mnisi i piraci. Obecnie wyspa jest prywatn\u0105 w\u0142asno\u015bci\u0105 w\u0142oskiej rodziny, kt\u00f3ra ch\u0119tnie udost\u0119pnia j\u0105 zwiedzaj\u0105cym.<\/p>\n\n<p>Mo\u017cna si\u0119 tu dosta\u0107 \u0142odzi\u0105 (promem) z dwunastu r\u00f3\u017cnych port\u00f3w (Gargnano, Toscolo-Maderno, Gardone, Barbarano, Sal\u00f2, Portese, San Felice, Manerba, Desenzano, Sirmione, Lazise, Bardolino, Garda i Torri) na jeziorze, co jest atrakcj\u0105 sam\u0105 w sobie. Ta wycieczka \u0142odzi\u0105 obejmuje r\u00f3wnie\u017c zabawn\u0105 wycieczk\u0119 po wyspie. Pami\u0119taj, aby sprawdzi\u0107, w kt\u00f3ry dzie\u0144 chcesz si\u0119 wybra\u0107, poniewa\u017c wycieczki nie odbywaj\u0105 si\u0119 codziennie.<\/p>\n<div id=\"attachment_48270\" style=\"width: 461px\" class=\"wp-caption alignnone\"><img loading=\"lazy\" decoding=\"async\" aria-describedby=\"caption-attachment-48270\" class=\"size-medium wp-image-48270\" src=\"https:\/\/www.suncamp.pl\/blog\/wp-content\/uploads\/2024\/03\/suncamp-5x-mooiste-plekken-gardameer-4-451x300.jpg\" alt=\"\" width=\"451\" height=\"300\" srcset=\"https:\/\/www.suncamp.pl\/blog\/wp-content\/uploads\/2024\/03\/suncamp-5x-mooiste-plekken-gardameer-4-451x300.jpg 451w, https:\/\/www.suncamp.pl\/blog\/wp-content\/uploads\/2024\/03\/suncamp-5x-mooiste-plekken-gardameer-4-768x511.jpg 768w, https:\/\/www.suncamp.pl\/blog\/wp-content\/uploads\/2024\/03\/suncamp-5x-mooiste-plekken-gardameer-4-140x94.jpg 140w, https:\/\/www.suncamp.pl\/blog\/wp-content\/uploads\/2024\/03\/suncamp-5x-mooiste-plekken-gardameer-4.jpg 800w\" sizes=\"auto, (max-width: 451px) 100vw, 451px\" \/><p id=\"caption-attachment-48270\" class=\"wp-caption-text\">Widok na Isola del Garda, najwi\u0119ksz\u0105 wysp\u0119 na jeziorze Garda<\/p><\/div>\n\n<h4>Monte Baldo<\/h4>\n<p>Wspinaczka g\u00f3rska mo\u017ce nie by\u0107 standardowym wakacyjnym hobby ka\u017cdej rodziny. Na szcz\u0119\u015bcie nie musi tak by\u0107, je\u015bli chcesz zobaczy\u0107 Monte Baldo, najwy\u017csz\u0105 g\u00f3r\u0119 nad jeziorem Garda. W rzeczywisto\u015bci z wioski Malc\u00e9sine, po p\u00f3\u0142nocno-zachodniej stronie jeziora, mo\u017cna wjecha\u0107 kolejk\u0105 linow\u0105, aby podziwia\u0107 widoki na wysoko\u015bci 1760 metr\u00f3w nad poziomem morza. Upewnij si\u0119, \u017ce masz ze sob\u0105 dobrze zaopatrzony plecak i odwied\u017a jedn\u0105 z serowarni na szczycie g\u00f3ry. Mo\u017cesz wi\u0119c zje\u015b\u0107 pyszny piknik na du\u017cej wysoko\u015bci w\u015br\u00f3d alpak na wolno\u015bci.<\/p>\n\n<p>Potrzebujesz troch\u0119 ruchu po kolejce linowej? W takim razie zdecyduj si\u0119 na spokojny spacer w d\u00f3\u0142. Istniej\u0105 dwa szlaki turystyczne, z kt\u00f3rych p\u00f3\u0142nocny nadaje si\u0119 r\u00f3wnie\u017c dla kr\u00f3tszych n\u00f3g.<\/p>\n<div id=\"attachment_48275\" style=\"width: 488px\" class=\"wp-caption alignnone\"><img loading=\"lazy\" decoding=\"async\" aria-describedby=\"caption-attachment-48275\" class=\"wp-image-48275 size-medium\" src=\"https:\/\/www.suncamp.pl\/blog\/wp-content\/uploads\/2024\/03\/suncamp-5x-mooiste-plekken-gardameer-5-478x300.jpg\" alt=\"\" width=\"478\" height=\"300\" srcset=\"https:\/\/www.suncamp.pl\/blog\/wp-content\/uploads\/2024\/03\/suncamp-5x-mooiste-plekken-gardameer-5-478x300.jpg 478w, https:\/\/www.suncamp.pl\/blog\/wp-content\/uploads\/2024\/03\/suncamp-5x-mooiste-plekken-gardameer-5-768x482.jpg 768w, https:\/\/www.suncamp.pl\/blog\/wp-content\/uploads\/2024\/03\/suncamp-5x-mooiste-plekken-gardameer-5-404x253.jpg 404w, https:\/\/www.suncamp.pl\/blog\/wp-content\/uploads\/2024\/03\/suncamp-5x-mooiste-plekken-gardameer-5.jpg 800w\" sizes=\"auto, (max-width: 478px) 100vw, 478px\" \/><p id=\"caption-attachment-48275\" class=\"wp-caption-text\">Z Malcesine mo\u017cna wjecha\u0107 kolejk\u0105 linow\u0105 na szczyt Monte Baldo.<\/p><\/div>\n\n<h4>Pla\u017ce w pobli\u017cu Lazise<\/h4>\n<p>Niekt\u00f3re z najlepszych pla\u017c nad jeziorem Garda mo\u017cna znale\u017a\u0107 w pobli\u017cu po\u0142udniowo-zachodniego miasta Lazise. Na po\u0142udnie od miejscowo\u015bci znajduje si\u0119 szeroka i cz\u0119sto zat\u0142oczona piaszczysta pla\u017ca. Nawet w najgor\u0119tszych porach dnia dobrze jest tu by\u0107, poniewa\u017c znajduje si\u0119 tu wiele du\u017cych drzew, na kt\u00f3rych mo\u017cna si\u0119 och\u0142odzi\u0107. Na p\u00f3\u0142noc od Lazise znajduje si\u0119 kilka mniejszych i spokojniejszych piaszczystych pla\u017c, kt\u00f3re znajduj\u0105 si\u0119 bezpo\u015brednio przy \u015bcie\u017cce. S\u0105 wi\u0119c \u0142atwo dost\u0119pne!<\/p>\n\n<p>Przy okazji, samo \u015bredniowieczne Lazise jest r\u00f3wnie\u017c warte odwiedzenia. Wyobra\u017casz sobie, \u017ce jeste\u015b w zupe\u0142nie innym \u015bwiecie mi\u0119dzy wielowiekowymi murami miejskimi, wie\u017cami i bramami. Jest te\u017c wiele do zrobienia na promenadzie i w ma\u0142ym porcie. R\u00f3wnie\u017c zabawa: w ka\u017cd\u0105 \u015brod\u0119 rano odbywa si\u0119 cotygodniowy targ, na kt\u00f3rym mo\u017cna kupi\u0107 wszelkiego rodzaju smaczne rzeczy i \u0142adne pami\u0105tki.<\/p>\n<div id=\"attachment_48280\" style=\"width: 461px\" class=\"wp-caption alignnone\"><img loading=\"lazy\" decoding=\"async\" aria-describedby=\"caption-attachment-48280\" class=\"size-medium wp-image-48280\" src=\"https:\/\/www.suncamp.pl\/blog\/wp-content\/uploads\/2024\/03\/suncamp-5x-mooiste-plekken-gardameer-6-451x300.jpg\" alt=\"\" width=\"451\" height=\"300\" srcset=\"https:\/\/www.suncamp.pl\/blog\/wp-content\/uploads\/2024\/03\/suncamp-5x-mooiste-plekken-gardameer-6-451x300.jpg 451w, https:\/\/www.suncamp.pl\/blog\/wp-content\/uploads\/2024\/03\/suncamp-5x-mooiste-plekken-gardameer-6-768x511.jpg 768w, https:\/\/www.suncamp.pl\/blog\/wp-content\/uploads\/2024\/03\/suncamp-5x-mooiste-plekken-gardameer-6-140x94.jpg 140w, https:\/\/www.suncamp.pl\/blog\/wp-content\/uploads\/2024\/03\/suncamp-5x-mooiste-plekken-gardameer-6.jpg 900w\" sizes=\"auto, (max-width: 451px) 100vw, 451px\" \/><p id=\"caption-attachment-48280\" class=\"wp-caption-text\">Pla\u017ca w Lazise to \u015bwietne miejsce na relaks w cieniu<\/p><\/div>\n\n\n<h4>Bonus: najpi\u0119kniejsza promenada nad jeziorem Garda<\/h4>\n<p>Wspomnieli\u015bmy ju\u017c o pi\u0119knych portach, zatokach i pla\u017cach, ale jaka jest najpi\u0119kniejsza promenada nad jeziorem Garda? W tym celu nale\u017cy uda\u0107 si\u0119 do Sal\u00f2, na zachodnim brzegu jeziora. D\u0142uga promenada, Lungolago Giuseppe Zanardelli, jest pe\u0142na kawiarni i restauracji z pi\u0119knymi tarasami, na kt\u00f3rych mo\u017cna odpocz\u0105\u0107. St\u0105d roztacza si\u0119 wspania\u0142y widok na przep\u0142ywaj\u0105ce ma\u0142e i (bardzo) du\u017ce \u0142odzie, a w oddali wida\u0107 wzg\u00f3rza i g\u00f3ry. Stonowana atmosfera sprawia, \u017ce prawie niemo\u017cliwe jest u\u015bwiadomienie sobie, \u017ce jest si\u0119 w luksusowym kurorcie.<\/p>\n<div id=\"attachment_48285\" style=\"width: 536px\" class=\"wp-caption alignnone\"><img loading=\"lazy\" decoding=\"async\" aria-describedby=\"caption-attachment-48285\" class=\"wp-image-48285 size-medium\" src=\"https:\/\/www.suncamp.pl\/blog\/wp-content\/uploads\/2024\/03\/suncamp-5x-mooiste-plekken-gardameer-7-526x300.jpg\" alt=\"\" width=\"526\" height=\"300\" srcset=\"https:\/\/www.suncamp.pl\/blog\/wp-content\/uploads\/2024\/03\/suncamp-5x-mooiste-plekken-gardameer-7-526x300.jpg 526w, https:\/\/www.suncamp.pl\/blog\/wp-content\/uploads\/2024\/03\/suncamp-5x-mooiste-plekken-gardameer-7-768x438.jpg 768w, https:\/\/www.suncamp.pl\/blog\/wp-content\/uploads\/2024\/03\/suncamp-5x-mooiste-plekken-gardameer-7.jpg 800w\" sizes=\"auto, (max-width: 526px) 100vw, 526px\" \/><p id=\"caption-attachment-48285\" class=\"wp-caption-text\">Najpi\u0119kniejsza promenada nad jeziorem Garda znajduje si\u0119 w Sal\u00f2<\/p><\/div>\n\n<h4>Tych kemping\u00f3w nie mo\u017cna przegapi\u0107<\/h4>\n<p>Ze wszystkimi zabawnymi wycieczkami i pi\u0119knymi miejscami, oczywi\u015bcie potrzebujesz r\u00f3wnie\u017c \u0142adnego kempingu nad jeziorem Garda. Wymienili\u015bmy 3 najpi\u0119kniejsze i najlepsze kempingi nad jeziorem Garda:<\/p>\n<div id=\"metaslider-id-48838\" style=\"max-width: 800px;\" class=\"ml-slider-3-100-1 metaslider metaslider-flex metaslider-48838 ml-slider ml-slider-lightbox-2-0-0 lightbox-disabled ms-theme-default\" role=\"region\" aria-label=\"New Slideshow\" data-height=\"600\" data-width=\"800\">\n    <div id=\"metaslider_container_48838\">\n        <div id=\"metaslider_48838\" class=\"flexslider\">\n            <ul class='slides'>\n                <li style=\"display: block; width: 100%;\" class=\"slide-48839 ms-image \" aria-roledescription=\"slide\" data-date=\"2024-03-25 17:53:30\"><a href=\"https:\/\/www.suncamp.pl\/wlochy\/wenecja-euganejska\/werona\/peschiera-del-garda\/camping-bella-italia-101059\/\" target=\"_blank\" aria-label=\"Wy\u015bwietl szczeg\u00f3\u0142y slajdu\" class=\"metaslider_image_link\"><img loading=\"lazy\" decoding=\"async\" src=\"https:\/\/www.suncamp.pl\/blog\/wp-content\/uploads\/2023\/01\/Camping-Bella-Italia.jpg\" height=\"600\" width=\"800\" alt=\"\" class=\"slider-48838 slide-48839 msDefaultImage\" title=\"Camping Bella Italia\" \/><\/a><div class=\"caption-wrap\"><div class=\"caption\">Bella italia<\/div><\/div><\/li>\n                <li style=\"display: none; width: 100%;\" class=\"slide-48840 ms-image \" aria-roledescription=\"slide\" data-date=\"2024-03-25 17:54:10\"><a href=\"https:\/\/www.suncamp.pl\/wlochy\/wenecja-euganejska\/werona\/valeggio-sul-mincio\/altomincio-family-park-118514\/\" target=\"_blank\" aria-label=\"Wy\u015bwietl szczeg\u00f3\u0142y slajdu\" class=\"metaslider_image_link\"><img loading=\"lazy\" decoding=\"async\" src=\"https:\/\/www.suncamp.pl\/blog\/wp-content\/uploads\/2019\/08\/Altomincio-5-800x600.jpg\" height=\"600\" width=\"800\" alt=\"\" class=\"slider-48838 slide-48840 msDefaultImage\" title=\"Altomincio 5\" \/><\/a><div class=\"caption-wrap\"><div class=\"caption\">Altomincio Family Park<\/div><\/div><\/li>\n                <li style=\"display: none; width: 100%;\" class=\"slide-48841 ms-image \" aria-roledescription=\"slide\" data-date=\"2024-03-25 17:56:29\"><a href=\"https:\/\/www.suncamp.pl\/wlochy\/wenecja-euganejska\/werona\/peschiera-del-garda\/camping-butterfly-112630\/\" target=\"_blank\" aria-label=\"Wy\u015bwietl szczeg\u00f3\u0142y slajdu\" class=\"metaslider_image_link\"><img loading=\"lazy\" decoding=\"async\" src=\"https:\/\/www.suncamp.pl\/blog\/wp-content\/uploads\/2023\/01\/Camping-Butterfly.jpg\" height=\"600\" width=\"800\" alt=\"\" class=\"slider-48838 slide-48841 msDefaultImage\" title=\"Camping Butterfly\" \/><\/a><div class=\"caption-wrap\"><div class=\"caption\">Camping Butterfly<\/div><\/div><\/li>\n                <li style=\"display: none; width: 100%;\" class=\"slide-48842 ms-image \" aria-roledescription=\"slide\" data-date=\"2024-03-25 17:57:46\"><a href=\"https:\/\/www.suncamp.pl\/wlochy\/lombardia\/brescia\/san-felice-del-benaco\/camping-eden-104739\/\" target=\"_blank\" aria-label=\"Wy\u015bwietl szczeg\u00f3\u0142y slajdu\" class=\"metaslider_image_link\"><img loading=\"lazy\" decoding=\"async\" src=\"https:\/\/www.suncamp.pl\/blog\/wp-content\/uploads\/2023\/01\/camping-Eden.jpg\" height=\"600\" width=\"800\" alt=\"\" class=\"slider-48838 slide-48842 msDefaultImage\" title=\"camping Eden\" \/><\/a><div class=\"caption-wrap\"><div class=\"caption\">Camping Eden<\/div><\/div><\/li>\n            <\/ul>\n        <\/div>\n        \n    <\/div>\n<\/div>\n<p>Camping Bella Italia *****<\/p>\n<p>Camping Bella Italia ****&#8230;<\/p>\n<p>Camping Cisano\/San Vito ****<\/p>\n<p>Camping Cisano\/San Vito *&#8230;<\/p>\n<p>Camping Butterfly ****<\/p>\n<p>Camping Butterfly ****<\/p>\n<p>Kt\u00f3rych miejsc nie mo\u017cna przegapi\u0107 podczas wakacji nad jeziorem Garda? Daj nam zna\u0107 w komentarzach!<\/p>\n<a href=\"https:\/\/www.suncamp.pl\/blog\/wp-content\/uploads\/2025\/01\/Projekt-bez-nazwy-2025-01-29T160938.334.png\" class=\"wp-user-avatar-link wp-user-avatar-file\" target=\"_blank\"><img data-del=\"avatar\" src='https:\/\/www.suncamp.pl\/blog\/wp-content\/uploads\/2025\/01\/Projekt-bez-nazwy-2025-01-29T160938.334-150x150.png' class='avatar pp-user-avatar avatar-thumbnailwp-user-avatar wp-user-avatar-thumbnail photo ' width='150'\/><\/a>\n","protected":false},"excerpt":{"rendered":"<p>Poznaj propozycj\u0119 5 ciekawych wycieczek nad jeziorem Garda, kt\u00f3re b\u0119d\u0105 idealne dla rodzin z dzie\u0107mi. <\/p>\n","protected":false},"author":277,"featured_media":48826,"comment_status":"open","ping_status":"closed","template":"","meta":{"_acf_changed":false,"footnotes":""},"class_list":["post-48825","listing","type-listing","status-publish","has-post-thumbnail","hentry","listing_type-kempingi-w-szczegolach","listing_type-pomysly-na-zwiedzanie","listing_location-bella-italia","listing_location-garda","listing_location-jezioro-garda"],"acf":[],"_links":{"self":[{"href":"https:\/\/www.suncamp.pl\/blog\/wp-json\/wp\/v2\/listing\/48825","targetHints":{"allow":["GET"]}}],"collection":[{"href":"https:\/\/www.suncamp.pl\/blog\/wp-json\/wp\/v2\/listing"}],"about":[{"href":"https:\/\/www.suncamp.pl\/blog\/wp-json\/wp\/v2\/types\/listing"}],"author":[{"embeddable":true,"href":"https:\/\/www.suncamp.pl\/blog\/wp-json\/wp\/v2\/users\/277"}],"replies":[{"embeddable":true,"href":"https:\/\/www.suncamp.pl\/blog\/wp-json\/wp\/v2\/comments?post=48825"}],"version-history":[{"count":5,"href":"https:\/\/www.suncamp.pl\/blog\/wp-json\/wp\/v2\/listing\/48825\/revisions"}],"predecessor-version":[{"id":48919,"href":"https:\/\/www.suncamp.pl\/blog\/wp-json\/wp\/v2\/listing\/48825\/revisions\/48919"}],"wp:featuredmedia":[{"embeddable":true,"href":"https:\/\/www.suncamp.pl\/blog\/wp-json\/wp\/v2\/media\/48826"}],"wp:attachment":[{"href":"https:\/\/www.suncamp.pl\/blog\/wp-json\/wp\/v2\/media?parent=48825"}],"curies":[{"name":"wp","href":"https:\/\/api.w.org\/{rel}","templated":true}]}}